{"id":7330,"date":"2017-07-03T06:25:07","date_gmt":"2017-07-03T05:25:07","guid":{"rendered":"http:\/\/www.mondialduchasselas.com\/wp-content\/uploads\/2017\/07\/AIGLE_MONDIAL_CHASSELAS_2017_1069.jpg"},"modified":"2017-07-03T06:25:07","modified_gmt":"2017-07-03T05:25:07","slug":"aigle_mondial_chasselas_2017_1069-2","status":"inherit","type":"attachment","link":"https:\/\/www.mondialduchasselas.com\/de\/gold-und-silber-furs-markgraflerland\/aigle_mondial_chasselas_2017_1069-2\/","title":{"rendered":"AIGLE_MONDIAL_CHASSELAS_2017_1069"},"author":1,"comment_status":"open","ping_status":"open","template":"","meta":{"ngg_post_thumbnail":0},"yoast_head":"<!-- This site is optimized with the Yoast SEO plugin v20.3 - https:\/\/yoast.com\/wordpress\/plugins\/seo\/ -->\n<title>AIGLE_MONDIAL_CHASSELAS_2017_1069 - Mondial du Chasselas<\/title>\n<meta name=\"robots\" content=\"index, follow, max-snippet:-1, max-image-preview:large, max-video-preview:-1\" \/>\n<link rel=\"canonical\" href=\"https:\/\/www.mondialduchasselas.com\/wp-content\/uploads\/2017\/07\/AIGLE_MONDIAL_CHASSELAS_2017_1069.jpg\" \/>\n<meta property=\"og:locale\" content=\"de_DE\" \/>\n<meta property=\"og:type\" content=\"article\" \/>\n<meta property=\"og:title\" content=\"AIGLE_MONDIAL_CHASSELAS_2017_1069 - Mondial du Chasselas\" \/>\n<meta property=\"og:description\" content=\"Aigle le 23 juin 2017 Ch\u00e2teau d&#039;Aigle Mondial du Chasselas c\u00e9r\u00e9monie officielle de proclamation des r\u00e9sultats et de remise des prix, ouverture de la f\u00eate populaire \u00a92017,studio edouard curchod, tous droits r\u00e9serv\u00e9s\" \/>\n<meta property=\"og:url\" content=\"https:\/\/www.mondialduchasselas.com\/wp-content\/uploads\/2017\/07\/AIGLE_MONDIAL_CHASSELAS_2017_1069.jpg\" \/>\n<meta property=\"og:site_name\" content=\"Mondial du Chasselas\" \/>\n<meta property=\"article:publisher\" content=\"http:\/\/www.facebook.com\/MondialDuChasselas\/\" \/>\n<meta property=\"og:image\" content=\"https:\/\/www.mondialduchasselas.com\/wp-content\/uploads\/2017\/07\/AIGLE_MONDIAL_CHASSELAS_2017_1069-1024x682.jpg\" \/>\n\t<meta property=\"og:image:width\" content=\"1024\" \/>\n\t<meta property=\"og:image:height\" content=\"682\" \/>\n\t<meta property=\"og:image:type\" content=\"image\/jpeg\" \/>\n<meta name=\"twitter:card\" content=\"summary_large_image\" \/>\n<script type=\"application\/ld+json\" class=\"yoast-schema-graph\">{\"@context\":\"https:\/\/schema.org\",\"@graph\":[{\"@type\":\"WebPage\",\"@id\":\"https:\/\/www.mondialduchasselas.com\/wp-content\/uploads\/2017\/07\/AIGLE_MONDIAL_CHASSELAS_2017_1069.jpg\",\"url\":\"https:\/\/www.mondialduchasselas.com\/wp-content\/uploads\/2017\/07\/AIGLE_MONDIAL_CHASSELAS_2017_1069.jpg\",\"name\":\"AIGLE_MONDIAL_CHASSELAS_2017_1069 - Mondial du Chasselas\",\"isPartOf\":{\"@id\":\"https:\/\/www.mondialduchasselas.com\/#website\"},\"datePublished\":\"2017-07-03T05:25:07+00:00\",\"dateModified\":\"2017-07-03T05:25:07+00:00\",\"breadcrumb\":{\"@id\":\"https:\/\/www.mondialduchasselas.com\/wp-content\/uploads\/2017\/07\/AIGLE_MONDIAL_CHASSELAS_2017_1069.jpg#breadcrumb\"},\"inLanguage\":\"de\",\"potentialAction\":[{\"@type\":\"ReadAction\",\"target\":[\"https:\/\/www.mondialduchasselas.com\/wp-content\/uploads\/2017\/07\/AIGLE_MONDIAL_CHASSELAS_2017_1069.jpg\"]}]},{\"@type\":\"BreadcrumbList\",\"@id\":\"https:\/\/www.mondialduchasselas.com\/wp-content\/uploads\/2017\/07\/AIGLE_MONDIAL_CHASSELAS_2017_1069.jpg#breadcrumb\",\"itemListElement\":[{\"@type\":\"ListItem\",\"position\":1,\"name\":\"Accueil\",\"item\":\"https:\/\/www.mondialduchasselas.com\/\"},{\"@type\":\"ListItem\",\"position\":2,\"name\":\"Gold und Silber f\u00fcrs Markgr\u00e4flerland\",\"item\":\"https:\/\/www.mondialduchasselas.com\/de\/gold-und-silber-furs-markgraflerland\/\"},{\"@type\":\"ListItem\",\"position\":3,\"name\":\"AIGLE_MONDIAL_CHASSELAS_2017_1069\"}]},{\"@type\":\"WebSite\",\"@id\":\"https:\/\/www.mondialduchasselas.com\/#website\",\"url\":\"https:\/\/www.mondialduchasselas.com\/\",\"name\":\"Mondial du Chasselas\",\"description\":\"Le Chasselas, un c\u00e9page plus actuel que jamais\",\"potentialAction\":[{\"@type\":\"SearchAction\",\"target\":{\"@type\":\"EntryPoint\",\"urlTemplate\":\"https:\/\/www.mondialduchasselas.com\/?s={search_term_string}\"},\"query-input\":\"required name=search_term_string\"}],\"inLanguage\":\"de\"}]}<\/script>\n<!-- \/ Yoast SEO plugin. -->","yoast_head_json":{"title":"AIGLE_MONDIAL_CHASSELAS_2017_1069 - Mondial du Chasselas","robots":{"index":"index","follow":"follow","max-snippet":"max-snippet:-1","max-image-preview":"max-image-preview:large","max-video-preview":"max-video-preview:-1"},"canonical":"https:\/\/www.mondialduchasselas.com\/wp-content\/uploads\/2017\/07\/AIGLE_MONDIAL_CHASSELAS_2017_1069.jpg","og_locale":"de_DE","og_type":"article","og_title":"AIGLE_MONDIAL_CHASSELAS_2017_1069 - Mondial du Chasselas","og_description":"Aigle le 23 juin 2017 Ch\u00e2teau d'Aigle Mondial du Chasselas c\u00e9r\u00e9monie officielle de proclamation des r\u00e9sultats et de remise des prix, ouverture de la f\u00eate populaire \u00a92017,studio edouard curchod, tous droits r\u00e9serv\u00e9s","og_url":"https:\/\/www.mondialduchasselas.com\/wp-content\/uploads\/2017\/07\/AIGLE_MONDIAL_CHASSELAS_2017_1069.jpg","og_site_name":"Mondial du Chasselas","article_publisher":"http:\/\/www.facebook.com\/MondialDuChasselas\/","og_image":[{"width":1024,"height":682,"url":"https:\/\/www.mondialduchasselas.com\/wp-content\/uploads\/2017\/07\/AIGLE_MONDIAL_CHASSELAS_2017_1069-1024x682.jpg","type":"image\/jpeg"}],"twitter_card":"summary_large_image","schema":{"@context":"https:\/\/schema.org","@graph":[{"@type":"WebPage","@id":"https:\/\/www.mondialduchasselas.com\/wp-content\/uploads\/2017\/07\/AIGLE_MONDIAL_CHASSELAS_2017_1069.jpg","url":"https:\/\/www.mondialduchasselas.com\/wp-content\/uploads\/2017\/07\/AIGLE_MONDIAL_CHASSELAS_2017_1069.jpg","name":"AIGLE_MONDIAL_CHASSELAS_2017_1069 - Mondial du Chasselas","isPartOf":{"@id":"https:\/\/www.mondialduchasselas.com\/#website"},"datePublished":"2017-07-03T05:25:07+00:00","dateModified":"2017-07-03T05:25:07+00:00","breadcrumb":{"@id":"https:\/\/www.mondialduchasselas.com\/wp-content\/uploads\/2017\/07\/AIGLE_MONDIAL_CHASSELAS_2017_1069.jpg#breadcrumb"},"inLanguage":"de","potentialAction":[{"@type":"ReadAction","target":["https:\/\/www.mondialduchasselas.com\/wp-content\/uploads\/2017\/07\/AIGLE_MONDIAL_CHASSELAS_2017_1069.jpg"]}]},{"@type":"BreadcrumbList","@id":"https:\/\/www.mondialduchasselas.com\/wp-content\/uploads\/2017\/07\/AIGLE_MONDIAL_CHASSELAS_2017_1069.jpg#breadcrumb","itemListElement":[{"@type":"ListItem","position":1,"name":"Accueil","item":"https:\/\/www.mondialduchasselas.com\/"},{"@type":"ListItem","position":2,"name":"Gold und Silber f\u00fcrs Markgr\u00e4flerland","item":"https:\/\/www.mondialduchasselas.com\/de\/gold-und-silber-furs-markgraflerland\/"},{"@type":"ListItem","position":3,"name":"AIGLE_MONDIAL_CHASSELAS_2017_1069"}]},{"@type":"WebSite","@id":"https:\/\/www.mondialduchasselas.com\/#website","url":"https:\/\/www.mondialduchasselas.com\/","name":"Mondial du Chasselas","description":"Le Chasselas, un c\u00e9page plus actuel que jamais","potentialAction":[{"@type":"SearchAction","target":{"@type":"EntryPoint","urlTemplate":"https:\/\/www.mondialduchasselas.com\/?s={search_term_string}"},"query-input":"required name=search_term_string"}],"inLanguage":"de"}]}},"description":{"rendered":"<p class=\"attachment\"><a href='https:\/\/www.mondialduchasselas.com\/wp-content\/uploads\/2017\/07\/AIGLE_MONDIAL_CHASSELAS_2017_1069.jpg'><img width=\"300\" height=\"200\" src=\"https:\/\/www.mondialduchasselas.com\/wp-content\/uploads\/2017\/07\/AIGLE_MONDIAL_CHASSELAS_2017_1069-300x200.jpg\" class=\"attachment-medium size-medium\" alt=\"\" decoding=\"async\" loading=\"lazy\" srcset=\"https:\/\/www.mondialduchasselas.com\/wp-content\/uploads\/2017\/07\/AIGLE_MONDIAL_CHASSELAS_2017_1069-300x200.jpg 300w, https:\/\/www.mondialduchasselas.com\/wp-content\/uploads\/2017\/07\/AIGLE_MONDIAL_CHASSELAS_2017_1069-1024x682.jpg 1024w\" sizes=\"(max-width: 300px) 100vw, 300px\" \/><\/a><\/p>\n"},"caption":{"rendered":"<p>Aigle le 23 juin 2017 Ch\u00e2teau d&#8217;Aigle  Mondial du Chasselas  c\u00e9r\u00e9monie officielle de proclamation des r\u00e9sultats et de remise des prix, ouverture de la f\u00eate populaire \u00a92017,studio edouard curchod, tous droits r\u00e9serv\u00e9s<\/p>\n"},"alt_text":"","media_type":"image","mime_type":"image\/jpeg","media_details":{"width":4928,"height":3280,"file":"2017\/07\/AIGLE_MONDIAL_CHASSELAS_2017_1069.jpg","sizes":{"thumbnail":{"file":"AIGLE_MONDIAL_CHASSELAS_2017_1069-150x150.jpg","width":150,"height":150,"mime_type":"image\/jpeg","source_url":"https:\/\/www.mondialduchasselas.com\/wp-content\/uploads\/2017\/07\/AIGLE_MONDIAL_CHASSELAS_2017_1069-150x150.jpg"},"medium":{"file":"AIGLE_MONDIAL_CHASSELAS_2017_1069-300x200.jpg","width":300,"height":200,"mime_type":"image\/jpeg","source_url":"https:\/\/www.mondialduchasselas.com\/wp-content\/uploads\/2017\/07\/AIGLE_MONDIAL_CHASSELAS_2017_1069-300x200.jpg"},"large":{"file":"AIGLE_MONDIAL_CHASSELAS_2017_1069-1024x682.jpg","width":1024,"height":682,"mime_type":"image\/jpeg","source_url":"https:\/\/www.mondialduchasselas.com\/wp-content\/uploads\/2017\/07\/AIGLE_MONDIAL_CHASSELAS_2017_1069-1024x682.jpg"},"narrow-featured-image-full":{"file":"AIGLE_MONDIAL_CHASSELAS_2017_1069-630x290.jpg","width":630,"height":290,"mime_type":"image\/jpeg","source_url":"https:\/\/www.mondialduchasselas.com\/wp-content\/uploads\/2017\/07\/AIGLE_MONDIAL_CHASSELAS_2017_1069-630x290.jpg"},"narrow-featured-image":{"file":"AIGLE_MONDIAL_CHASSELAS_2017_1069-400x300.jpg","width":400,"height":300,"mime_type":"image\/jpeg","source_url":"https:\/\/www.mondialduchasselas.com\/wp-content\/uploads\/2017\/07\/AIGLE_MONDIAL_CHASSELAS_2017_1069-400x300.jpg"},"wide-featured-image-full":{"file":"AIGLE_MONDIAL_CHASSELAS_2017_1069-960x300.jpg","width":960,"height":300,"mime_type":"image\/jpeg","source_url":"https:\/\/www.mondialduchasselas.com\/wp-content\/uploads\/2017\/07\/AIGLE_MONDIAL_CHASSELAS_2017_1069-960x300.jpg"},"wide-featured-image":{"file":"AIGLE_MONDIAL_CHASSELAS_2017_1069-600x300.jpg","width":600,"height":300,"mime_type":"image\/jpeg","source_url":"https:\/\/www.mondialduchasselas.com\/wp-content\/uploads\/2017\/07\/AIGLE_MONDIAL_CHASSELAS_2017_1069-600x300.jpg"},"featured-page":{"file":"AIGLE_MONDIAL_CHASSELAS_2017_1069-315x145.jpg","width":315,"height":145,"mime_type":"image\/jpeg","source_url":"https:\/\/www.mondialduchasselas.com\/wp-content\/uploads\/2017\/07\/AIGLE_MONDIAL_CHASSELAS_2017_1069-315x145.jpg"},"full":{"file":"AIGLE_MONDIAL_CHASSELAS_2017_1069.jpg","width":4928,"height":3280,"mime_type":"image\/jpeg","source_url":"https:\/\/www.mondialduchasselas.com\/wp-content\/uploads\/2017\/07\/AIGLE_MONDIAL_CHASSELAS_2017_1069.jpg"}},"image_meta":{"aperture":5.6,"credit":"edouard curchod","camera":"NIKON D4S","caption":"Aigle le 23 juin 2017 Ch\u00e2teau d'Aigle  Mondial du Chasselas  c\u00e9r\u00e9monie officielle de proclamation des r\u00e9sultats et de remise des prix, ouverture de la f\u00eate populaire \u00a92017,studio edouard curchod, tous droits r\u00e9serv\u00e9s","created_timestamp":1498234355,"copyright":"\u00a92017,studio edouard curchod, tous droits r\u00e9serv\u00e9s","focal_length":"160","iso":"800","shutter_speed":"0.008","title":"","orientation":1}},"post":3372,"source_url":"https:\/\/www.mondialduchasselas.com\/wp-content\/uploads\/2017\/07\/AIGLE_MONDIAL_CHASSELAS_2017_1069.jpg","_links":{"self":[{"href":"https:\/\/www.mondialduchasselas.com\/de\/wp-json\/wp\/v2\/media\/7330"}],"collection":[{"href":"https:\/\/www.mondialduchasselas.com\/de\/wp-json\/wp\/v2\/media"}],"about":[{"href":"https:\/\/www.mondialduchasselas.com\/de\/wp-json\/wp\/v2\/types\/attachment"}],"author":[{"embeddable":true,"href":"https:\/\/www.mondialduchasselas.com\/de\/wp-json\/wp\/v2\/users\/1"}],"replies":[{"embeddable":true,"href":"https:\/\/www.mondialduchasselas.com\/de\/wp-json\/wp\/v2\/comments?post=7330"}]}}