{"id":274,"date":"2015-07-17T15:27:12","date_gmt":"2015-07-17T14:27:12","guid":{"rendered":"http:\/\/195.141.44.40\/?page_id=274"},"modified":"2018-06-18T17:07:47","modified_gmt":"2018-06-18T16:07:47","slug":"partenaires-d","status":"publish","type":"page","link":"https:\/\/www.mondialduchasselas.com\/de\/partenaires-d\/","title":{"rendered":"Partner"},"content":{"rendered":"<p>Soci\u00e9t\u00e9 des P\u00e9pini\u00e9ristes-Viticulteurs Vaudois<\/p>\n<p>&nbsp;<\/p>\n<p><a href=\"http:\/\/www.vinsfechy.ch\/\" target=\"_blank\"><img decoding=\"async\" loading=\"lazy\" class=\"alignnone  wp-image-3968\" src=\"http:\/\/www.mondialduchasselas.com\/wp-content\/uploads\/2015\/09\/Logo_fechy_blanc-1-1024x223.jpg\" alt=\"Logo_fechy_blanc-1\" width=\"285\" height=\"62\" \/><\/a><a href=\"http:\/\/www.modelgroup.com\/de\" target=\"_blank\"><img decoding=\"async\" loading=\"lazy\" class=\" size-full wp-image-3971 alignright\" src=\"http:\/\/www.mondialduchasselas.com\/wp-content\/uploads\/2015\/09\/Model-Logo.png\" alt=\"Model-Logo\" width=\"197\" height=\"117\" \/><\/a><\/p>\n<p>&nbsp;<\/p>\n<p><a href=\"http:\/\/www.mondialduchasselas.com\/wp-content\/uploads\/2015\/09\/Bonvillars.jpg\"><img decoding=\"async\" loading=\"lazy\" class=\"  wp-image-837 alignright\" src=\"http:\/\/www.mondialduchasselas.com\/wp-content\/uploads\/2015\/09\/Bonvillars.jpg\" alt=\"Bonvillars\" width=\"150\" height=\"168\" \/><\/a><\/p>\n<p><a href=\"http:\/\/www.mondialduchasselas.com\/wp-content\/uploads\/2015\/09\/bex2.jpg\"><img decoding=\"async\" loading=\"lazy\" class=\"  wp-image-836 alignleft\" src=\"http:\/\/www.mondialduchasselas.com\/wp-content\/uploads\/2015\/09\/bex2-237x300.jpg\" alt=\"bex2\" width=\"151\" height=\"191\" srcset=\"https:\/\/www.mondialduchasselas.com\/wp-content\/uploads\/2015\/09\/bex2-237x300.jpg 237w, https:\/\/www.mondialduchasselas.com\/wp-content\/uploads\/2015\/09\/bex2.jpg 603w\" sizes=\"(max-width: 151px) 100vw, 151px\" \/><\/a><\/p>\n<p>&nbsp;<\/p>\n<p>&nbsp;<\/p>\n<p>&nbsp;<\/p>\n<p>&nbsp;<\/p>\n<p><a href=\"http:\/\/www.mondialduchasselas.com\/wp-content\/uploads\/2015\/09\/1512114-e1442600468360.jpg\"><img decoding=\"async\" loading=\"lazy\" class=\"  wp-image-842 alignleft\" src=\"http:\/\/www.mondialduchasselas.com\/wp-content\/uploads\/2015\/09\/1512114-e1442600468360.jpg\" alt=\"1512114\" width=\"150\" height=\"185\" \/><\/a><a href=\"http:\/\/www.mondialduchasselas.com\/wp-content\/uploads\/2015\/09\/Chardonn.jpg\"><img decoding=\"async\" loading=\"lazy\" class=\"  wp-image-843 alignright\" src=\"http:\/\/www.mondialduchasselas.com\/wp-content\/uploads\/2015\/09\/Chardonn.jpg\" alt=\"Chardonn\" width=\"150\" height=\"178\" \/><\/a><\/p>\n<p>&nbsp;<\/p>\n<p>&nbsp;<\/p>\n<p>&nbsp;<\/p>\n<p>&nbsp;<\/p>\n<p><a href=\"http:\/\/www.mondialduchasselas.com\/wp-content\/uploads\/2015\/09\/195px-Montreux-blason.png\"><img decoding=\"async\" loading=\"lazy\" class=\"  wp-image-845 alignleft\" src=\"http:\/\/www.mondialduchasselas.com\/wp-content\/uploads\/2015\/09\/195px-Montreux-blason.png\" alt=\"195px-Montreux-blason\" width=\"150\" height=\"185\" \/><\/a><a href=\"http:\/\/www.mondialduchasselas.com\/wp-content\/uploads\/2015\/09\/Ollon.jpg\"><img decoding=\"async\" loading=\"lazy\" class=\"  wp-image-846 alignright\" src=\"http:\/\/www.mondialduchasselas.com\/wp-content\/uploads\/2015\/09\/Ollon.jpg\" alt=\"Ollon\" width=\"150\" height=\"167\" \/><\/a><\/p>\n<p>&nbsp;<\/p>\n<p>&nbsp;<\/p>\n<p>&nbsp;<\/p>\n<p>&nbsp;<\/p>\n<p>&nbsp;<\/p>\n<p><a href=\"http:\/\/www.mondialduchasselas.com\/wp-content\/uploads\/2015\/09\/Histoire-armoirie-Vevey-1.png\"><img decoding=\"async\" loading=\"lazy\" class=\"  wp-image-849 alignleft\" src=\"http:\/\/www.mondialduchasselas.com\/wp-content\/uploads\/2015\/09\/Histoire-armoirie-Vevey-1.png\" alt=\"Histoire-armoirie-Vevey-(1)\" width=\"150\" height=\"169\" srcset=\"https:\/\/www.mondialduchasselas.com\/wp-content\/uploads\/2015\/09\/Histoire-armoirie-Vevey-1.png 296w, https:\/\/www.mondialduchasselas.com\/wp-content\/uploads\/2015\/09\/Histoire-armoirie-Vevey-1-266x300.png 266w\" sizes=\"(max-width: 150px) 100vw, 150px\" \/><\/a><a href=\"http:\/\/www.mondialduchasselas.com\/wp-content\/uploads\/2015\/09\/Villeneu.jpg\"><img decoding=\"async\" loading=\"lazy\" class=\"  wp-image-850 alignright\" src=\"http:\/\/www.mondialduchasselas.com\/wp-content\/uploads\/2015\/09\/Villeneu.jpg\" alt=\"Villeneu\" width=\"150\" height=\"168\" \/><\/a><\/p>\n<p>&nbsp;<\/p>\n<p>&nbsp;<\/p>\n<p>&nbsp;<\/p>\n<p>&nbsp;<\/p>\n<p>&nbsp;<\/p>\n<p><a href=\"http:\/\/www.winechablais.ch\"><img decoding=\"async\" loading=\"lazy\" class=\"alignleft wp-image-805 size-thumbnail\" src=\"http:\/\/www.mondialduchasselas.com\/wp-content\/uploads\/2015\/09\/WineChablais-150x150.jpg\" alt=\"WineChablais\" width=\"150\" height=\"150\" srcset=\"https:\/\/www.mondialduchasselas.com\/wp-content\/uploads\/2015\/09\/WineChablais-150x150.jpg 150w, https:\/\/www.mondialduchasselas.com\/wp-content\/uploads\/2015\/09\/WineChablais-300x300.jpg 300w, https:\/\/www.mondialduchasselas.com\/wp-content\/uploads\/2015\/09\/WineChablais.jpg 350w\" sizes=\"(max-width: 150px) 100vw, 150px\" \/><\/a><a href=\"http:\/\/www.c-d-c.ch\"><img decoding=\"async\" loading=\"lazy\" class=\"alignright wp-image-812 size-thumbnail\" src=\"http:\/\/www.mondialduchasselas.com\/wp-content\/uploads\/2015\/09\/logo-CDC-blanc-300x250-150x150.jpg\" alt=\"logo-CDC-blanc-300x250\" width=\"150\" height=\"150\" \/><\/a><\/p>\n<p>&nbsp;<\/p>\n<p>&nbsp;<\/p>\n<p>&nbsp;<\/p>\n<p>&nbsp;<\/p>\n<p><a href=\"http:\/\/www.mch-group.com\"><img decoding=\"async\" loading=\"lazy\" class=\"alignleft wp-image-813 size-thumbnail\" src=\"http:\/\/www.mondialduchasselas.com\/wp-content\/uploads\/2015\/09\/mch-150x150.jpg\" alt=\"mch\" width=\"150\" height=\"150\" \/><\/a><a href=\"http:\/\/www.badoux-vins.ch\"><img decoding=\"async\" loading=\"lazy\" class=\"alignright wp-image-810 size-thumbnail\" src=\"http:\/\/www.mondialduchasselas.com\/wp-content\/uploads\/2015\/09\/badoux-150x150.gif\" alt=\"badoux\" width=\"150\" height=\"150\" \/><\/a><\/p>\n<p>&nbsp;<\/p>\n<p>&nbsp;<\/p>\n<p>&nbsp;<\/p>\n<p><a href=\"http:\/\/www.leregional.ch\"><img decoding=\"async\" loading=\"lazy\" class=\"  alignleft wp-image-804\" src=\"http:\/\/www.mondialduchasselas.com\/wp-content\/uploads\/2015\/09\/r\u00e9gional-logo.jpg\" alt=\"r\u00e9gional logo\" width=\"150\" height=\"90\" \/><\/a><\/p>\n<p><a href=\"http:\/\/www.raiffeisen.ch\"><img decoding=\"async\" loading=\"lazy\" class=\"alignright wp-image-814 size-thumbnail\" src=\"http:\/\/www.mondialduchasselas.com\/wp-content\/uploads\/2015\/09\/raiffeisen-150x150.jpg\" alt=\"raiffeisen\" width=\"150\" height=\"150\" \/><\/a><\/p>\n<p>&nbsp;<\/p>\n<p>&nbsp;<\/p>\n<p>&nbsp;<\/p>\n<p><a href=\"http:\/\/www.vinum.info\" target=\"_blank\"><img decoding=\"async\" loading=\"lazy\" class=\" wp-image-375 size-thumbnail alignright\" src=\"http:\/\/www.mondialduchasselas.com\/wp-content\/uploads\/2015\/07\/image.expertcompany.standard-150x150.jpg\" alt=\"image.expertcompany.standard\" width=\"150\" height=\"150\" \/><\/a><a href=\"http:\/\/www.guillon.ch\"><img decoding=\"async\" loading=\"lazy\" class=\"  alignleft wp-image-811\" src=\"http:\/\/www.mondialduchasselas.com\/wp-content\/uploads\/2015\/09\/guillon09_400.jpg\" alt=\"guillon09_400\" width=\"150\" height=\"72\" srcset=\"https:\/\/www.mondialduchasselas.com\/wp-content\/uploads\/2015\/09\/guillon09_400.jpg 400w, https:\/\/www.mondialduchasselas.com\/wp-content\/uploads\/2015\/09\/guillon09_400-300x144.jpg 300w\" sizes=\"(max-width: 150px) 100vw, 150px\" \/><\/a><\/p>\n<p>&nbsp;<\/p>\n<p>&nbsp;<\/p>\n<p><a href=\"http:\/\/www.chaillot.ch\"><img decoding=\"async\" loading=\"lazy\" class=\"  alignleft wp-image-832\" src=\"http:\/\/www.mondialduchasselas.com\/wp-content\/uploads\/2015\/09\/index-e1442497564467.png\" alt=\"index\" width=\"150\" height=\"97\" \/><\/a><\/p>\n<p><a href=\"http:\/\/www.obrist.ch\"><img decoding=\"async\" loading=\"lazy\" class=\"  wp-image-820 alignright\" src=\"http:\/\/www.mondialduchasselas.com\/wp-content\/uploads\/2015\/09\/new-logo-obrist-6-5-2-5cm-marge_normal.jpg\" alt=\"new-logo-obrist-6-5---2-5cm-marge_normal\" width=\"151\" height=\"58\" \/><\/a><\/p>\n<p>&nbsp;<\/p>\n<p><img decoding=\"async\" loading=\"lazy\" class=\"alignleft wp-image-808 size-full\" src=\"http:\/\/www.mondialduchasselas.com\/wp-content\/uploads\/2015\/09\/120x90_logo-vins-aigle.jpg\" alt=\"120x90_logo-vins-aigle\" width=\"120\" height=\"90\" \/><a href=\"http:\/\/www.vaud-terroirs.ch\"><img decoding=\"async\" loading=\"lazy\" class=\"  alignright wp-image-819\" src=\"http:\/\/www.mondialduchasselas.com\/wp-content\/uploads\/2015\/09\/logo_vaud_terroirs.png\" alt=\"logo_vaud_terroirs\" width=\"150\" height=\"67\" \/><\/a><\/p>\n<p>&nbsp;<\/p>\n<p>&nbsp;<\/p>\n<p><a href=\"http:\/\/www.yvorne-provy.ch\"><img decoding=\"async\" loading=\"lazy\" class=\"alignleft wp-image-822 size-thumbnail\" src=\"http:\/\/www.mondialduchasselas.com\/wp-content\/uploads\/2015\/09\/images-150x150.png\" alt=\"images\" width=\"150\" height=\"150\" srcset=\"https:\/\/www.mondialduchasselas.com\/wp-content\/uploads\/2015\/09\/images-150x150.png 150w, https:\/\/www.mondialduchasselas.com\/wp-content\/uploads\/2015\/09\/images.png 216w\" sizes=\"(max-width: 150px) 100vw, 150px\" \/><\/a><a href=\"http:\/\/www.vins-geneve.ch\"><img decoding=\"async\" loading=\"lazy\" class=\"  alignright wp-image-825\" src=\"http:\/\/www.mondialduchasselas.com\/wp-content\/uploads\/2015\/09\/vins_geneve-300x225.png\" alt=\"vins_geneve\" width=\"150\" height=\"113\" srcset=\"https:\/\/www.mondialduchasselas.com\/wp-content\/uploads\/2015\/09\/vins_geneve-300x225.png 300w, https:\/\/www.mondialduchasselas.com\/wp-content\/uploads\/2015\/09\/vins_geneve-400x300.png 400w, https:\/\/www.mondialduchasselas.com\/wp-content\/uploads\/2015\/09\/vins_geneve.png 540w\" sizes=\"(max-width: 150px) 100vw, 150px\" \/><\/a><\/p>\n<p>&nbsp;<\/p>\n<p>&nbsp;<\/p>\n<p>&nbsp;<\/p>\n<p><a href=\"http:\/\/www.gruyere.com\"><img decoding=\"async\" loading=\"lazy\" class=\" wp-image-824 alignleft\" src=\"http:\/\/www.mondialduchasselas.com\/wp-content\/uploads\/2015\/09\/gruyere-logo-300x119.png\" alt=\"gruyere-logo\" width=\"150\" height=\"60\" srcset=\"https:\/\/www.mondialduchasselas.com\/wp-content\/uploads\/2015\/09\/gruyere-logo-300x119.png 300w, https:\/\/www.mondialduchasselas.com\/wp-content\/uploads\/2015\/09\/gruyere-logo.png 420w\" sizes=\"(max-width: 150px) 100vw, 150px\" \/><\/a><a href=\"http:\/\/www.markgraefler-wein-ev.de\"><img decoding=\"async\" loading=\"lazy\" class=\"  alignright wp-image-828\" src=\"http:\/\/www.mondialduchasselas.com\/wp-content\/uploads\/2015\/09\/logo-markgraefler-wein-ev.gif\" alt=\"logo-markgraefler-wein-ev\" width=\"151\" height=\"67\" \/><\/a><\/p>\n<p style=\"text-align: right;\"><a href=\"http:\/\/www.lesvinsduvalais.ch\"><img decoding=\"async\" loading=\"lazy\" class=\"  alignleft wp-image-827\" src=\"http:\/\/www.mondialduchasselas.com\/wp-content\/uploads\/2015\/09\/ivv_simplebig.jpg\" alt=\"ivv_simplebig\" width=\"150\" height=\"202\" srcset=\"https:\/\/www.mondialduchasselas.com\/wp-content\/uploads\/2015\/09\/ivv_simplebig.jpg 352w, https:\/\/www.mondialduchasselas.com\/wp-content\/uploads\/2015\/09\/ivv_simplebig-223x300.jpg 223w\" sizes=\"(max-width: 150px) 100vw, 150px\" \/><\/a><a href=\"http:\/\/www.gern.ch\"><img decoding=\"async\" loading=\"lazy\" class=\"  alignright wp-image-829\" src=\"http:\/\/www.mondialduchasselas.com\/wp-content\/uploads\/2015\/09\/Collotype.jpg\" alt=\"Collotype\" width=\"150\" height=\"87\" \/><\/a><\/p>\n<p style=\"text-align: right;\"><a href=\"http:\/\/www.mondialduchasselas.com\/wp-content\/uploads\/2015\/09\/frialp.jpg\"><img decoding=\"async\" loading=\"lazy\" class=\" size-full wp-image-830 alignright\" src=\"http:\/\/www.mondialduchasselas.com\/wp-content\/uploads\/2015\/09\/frialp.jpg\" alt=\"frialp\" width=\"140\" height=\"80\" \/><\/a><\/p>\n<p>des P\u00e9pini\u00e9ristes-Viticulteurs Vaudois<\/p>\n<p>&nbsp;<\/p>\n<p><a href=\"http:\/\/www.vinsfechy.ch\/\" target=\"_blank\"><img decoding=\"async\" loading=\"lazy\" class=\"alignnone  wp-image-3968\" src=\"http:\/\/www.mondialduchasselas.com\/wp-content\/uploads\/2015\/09\/Logo_fechy_blanc-1-1024x223.jpg\" alt=\"Logo_fechy_blanc-1\" width=\"285\" height=\"62\" \/><\/a><\/p>\n<p>&nbsp;<\/p>\n<p><a href=\"http:\/\/www.mondialduchasselas.com\/wp-content\/uploads\/2015\/09\/bex2.jpg\"><img decoding=\"async\" loading=\"lazy\" class=\"  wp-image-836 alignleft\" src=\"http:\/\/www.mondialduchasselas.com\/wp-content\/uploads\/2015\/09\/bex2-237x300.jpg\" alt=\"bex2\" width=\"151\" height=\"191\" srcset=\"https:\/\/www.mondialduchasselas.com\/wp-content\/uploads\/2015\/09\/bex2-237x300.jpg 237w, https:\/\/www.mondialduchasselas.com\/wp-content\/uploads\/2015\/09\/bex2.jpg 603w\" sizes=\"(max-width: 151px) 100vw, 151px\" \/><\/a><a href=\"http:\/\/www.mondialduchasselas.com\/wp-content\/uploads\/2015\/09\/Bonvillars.jpg\"><img decoding=\"async\" loading=\"lazy\" class=\"  wp-image-837 alignright\" src=\"http:\/\/www.mondialduchasselas.com\/wp-content\/uploads\/2015\/09\/Bonvillars.jpg\" alt=\"Bonvillars\" width=\"150\" height=\"168\" \/><\/a><\/p>\n<p>&nbsp;<\/p>\n<p>&nbsp;<\/p>\n<p>&nbsp;<\/p>\n<p>&nbsp;<\/p>\n<p>&nbsp;<\/p>\n<p><a href=\"http:\/\/www.mondialduchasselas.com\/wp-content\/uploads\/2015\/09\/1512114-e1442600468360.jpg\"><img decoding=\"async\" loading=\"lazy\" class=\"  wp-image-842 alignleft\" src=\"http:\/\/www.mondialduchasselas.com\/wp-content\/uploads\/2015\/09\/1512114-e1442600468360.jpg\" alt=\"1512114\" width=\"150\" height=\"185\" \/><\/a><a href=\"http:\/\/www.mondialduchasselas.com\/wp-content\/uploads\/2015\/09\/Chardonn.jpg\"><img decoding=\"async\" loading=\"lazy\" class=\"  wp-image-843 alignright\" src=\"http:\/\/www.mondialduchasselas.com\/wp-content\/uploads\/2015\/09\/Chardonn.jpg\" alt=\"Chardonn\" width=\"150\" height=\"178\" \/><\/a><\/p>\n<p>&nbsp;<\/p>\n<p>&nbsp;<\/p>\n<p>&nbsp;<\/p>\n<p>&nbsp;<\/p>\n<p><a href=\"http:\/\/www.mondialduchasselas.com\/wp-content\/uploads\/2015\/09\/195px-Montreux-blason.png\"><img decoding=\"async\" loading=\"lazy\" class=\"  wp-image-845 alignleft\" src=\"http:\/\/www.mondialduchasselas.com\/wp-content\/uploads\/2015\/09\/195px-Montreux-blason.png\" alt=\"195px-Montreux-blason\" width=\"150\" height=\"185\" \/><\/a><a href=\"http:\/\/www.mondialduchasselas.com\/wp-content\/uploads\/2015\/09\/Ollon.jpg\"><img decoding=\"async\" loading=\"lazy\" class=\"  wp-image-846 alignright\" src=\"http:\/\/www.mondialduchasselas.com\/wp-content\/uploads\/2015\/09\/Ollon.jpg\" alt=\"Ollon\" width=\"150\" height=\"167\" \/><\/a><\/p>\n<p>&nbsp;<\/p>\n<p>&nbsp;<\/p>\n<p>&nbsp;<\/p>\n<p>&nbsp;<\/p>\n<p>&nbsp;<\/p>\n<p><a href=\"http:\/\/www.mondialduchasselas.com\/wp-content\/uploads\/2015\/09\/Histoire-armoirie-Vevey-1.png\"><img decoding=\"async\" loading=\"lazy\" class=\"  wp-image-849 alignleft\" src=\"http:\/\/www.mondialduchasselas.com\/wp-content\/uploads\/2015\/09\/Histoire-armoirie-Vevey-1.png\" alt=\"Histoire-armoirie-Vevey-(1)\" width=\"150\" height=\"169\" srcset=\"https:\/\/www.mondialduchasselas.com\/wp-content\/uploads\/2015\/09\/Histoire-armoirie-Vevey-1.png 296w, https:\/\/www.mondialduchasselas.com\/wp-content\/uploads\/2015\/09\/Histoire-armoirie-Vevey-1-266x300.png 266w\" sizes=\"(max-width: 150px) 100vw, 150px\" \/><\/a><a href=\"http:\/\/www.mondialduchasselas.com\/wp-content\/uploads\/2015\/09\/Villeneu.jpg\"><img decoding=\"async\" loading=\"lazy\" class=\"  wp-image-850 alignright\" src=\"http:\/\/www.mondialduchasselas.com\/wp-content\/uploads\/2015\/09\/Villeneu.jpg\" alt=\"Villeneu\" width=\"150\" height=\"168\" \/><\/a><\/p>\n<p>&nbsp;<\/p>\n<p>&nbsp;<\/p>\n<p>&nbsp;<\/p>\n<p>&nbsp;<\/p>\n<p>&nbsp;<\/p>\n<p><a href=\"http:\/\/www.winechablais.ch\"><img decoding=\"async\" loading=\"lazy\" class=\"alignleft wp-image-805 size-thumbnail\" src=\"http:\/\/www.mondialduchasselas.com\/wp-content\/uploads\/2015\/09\/WineChablais-150x150.jpg\" alt=\"WineChablais\" width=\"150\" height=\"150\" srcset=\"https:\/\/www.mondialduchasselas.com\/wp-content\/uploads\/2015\/09\/WineChablais-150x150.jpg 150w, https:\/\/www.mondialduchasselas.com\/wp-content\/uploads\/2015\/09\/WineChablais-300x300.jpg 300w, https:\/\/www.mondialduchasselas.com\/wp-content\/uploads\/2015\/09\/WineChablais.jpg 350w\" sizes=\"(max-width: 150px) 100vw, 150px\" \/><\/a><a href=\"http:\/\/www.c-d-c.ch\"><img decoding=\"async\" loading=\"lazy\" class=\"alignright wp-image-812 size-thumbnail\" src=\"http:\/\/www.mondialduchasselas.com\/wp-content\/uploads\/2015\/09\/logo-CDC-blanc-300x250-150x150.jpg\" alt=\"logo-CDC-blanc-300x250\" width=\"150\" height=\"150\" \/><\/a><\/p>\n<p>&nbsp;<\/p>\n<p>&nbsp;<\/p>\n<p>&nbsp;<\/p>\n<p>&nbsp;<\/p>\n<p><a href=\"http:\/\/www.mch-group.com\"><img decoding=\"async\" loading=\"lazy\" class=\"alignleft wp-image-813 size-thumbnail\" src=\"http:\/\/www.mondialduchasselas.com\/wp-content\/uploads\/2015\/09\/mch-150x150.jpg\" alt=\"mch\" width=\"150\" height=\"150\" \/><\/a><a href=\"http:\/\/www.badoux-vins.ch\"><img decoding=\"async\" loading=\"lazy\" class=\"alignright wp-image-810 size-thumbnail\" src=\"http:\/\/www.mondialduchasselas.com\/wp-content\/uploads\/2015\/09\/badoux-150x150.gif\" alt=\"badoux\" width=\"150\" height=\"150\" \/><\/a><\/p>\n<p>&nbsp;<\/p>\n<p>&nbsp;<\/p>\n<p>&nbsp;<\/p>\n<p><a href=\"http:\/\/www.leregional.ch\"><img decoding=\"async\" loading=\"lazy\" class=\"  alignleft wp-image-804\" src=\"http:\/\/www.mondialduchasselas.com\/wp-content\/uploads\/2015\/09\/r\u00e9gional-logo.jpg\" alt=\"r\u00e9gional logo\" width=\"150\" height=\"90\" \/><\/a><\/p>\n<p><a href=\"http:\/\/www.raiffeisen.ch\"><img decoding=\"async\" loading=\"lazy\" class=\"alignright wp-image-814 size-thumbnail\" src=\"http:\/\/www.mondialduchasselas.com\/wp-content\/uploads\/2015\/09\/raiffeisen-150x150.jpg\" alt=\"raiffeisen\" width=\"150\" height=\"150\" \/><\/a><\/p>\n<p>&nbsp;<\/p>\n<p>&nbsp;<\/p>\n<p>&nbsp;<\/p>\n<p><a href=\"http:\/\/www.vinum.info\" target=\"_blank\"><img decoding=\"async\" loading=\"lazy\" class=\" wp-image-375 size-thumbnail alignright\" src=\"http:\/\/www.mondialduchasselas.com\/wp-content\/uploads\/2015\/07\/image.expertcompany.standard-150x150.jpg\" alt=\"image.expertcompany.standard\" width=\"150\" height=\"150\" \/><\/a><a href=\"http:\/\/www.guillon.ch\"><img decoding=\"async\" loading=\"lazy\" class=\"  alignleft wp-image-811\" src=\"http:\/\/www.mondialduchasselas.com\/wp-content\/uploads\/2015\/09\/guillon09_400.jpg\" alt=\"guillon09_400\" width=\"150\" height=\"72\" srcset=\"https:\/\/www.mondialduchasselas.com\/wp-content\/uploads\/2015\/09\/guillon09_400.jpg 400w, https:\/\/www.mondialduchasselas.com\/wp-content\/uploads\/2015\/09\/guillon09_400-300x144.jpg 300w\" sizes=\"(max-width: 150px) 100vw, 150px\" \/><\/a><\/p>\n<p>&nbsp;<\/p>\n<p>&nbsp;<\/p>\n<p><a href=\"http:\/\/www.chaillot.ch\"><img decoding=\"async\" loading=\"lazy\" class=\"  alignleft wp-image-832\" src=\"http:\/\/www.mondialduchasselas.com\/wp-content\/uploads\/2015\/09\/index-e1442497564467.png\" alt=\"index\" width=\"150\" height=\"97\" \/><\/a><\/p>\n<p><a href=\"http:\/\/www.obrist.ch\"><img decoding=\"async\" loading=\"lazy\" class=\"  wp-image-820 alignright\" src=\"http:\/\/www.mondialduchasselas.com\/wp-content\/uploads\/2015\/09\/new-logo-obrist-6-5-2-5cm-marge_normal.jpg\" alt=\"new-logo-obrist-6-5---2-5cm-marge_normal\" width=\"151\" height=\"58\" \/><\/a><\/p>\n<p>&nbsp;<\/p>\n<p><img decoding=\"async\" loading=\"lazy\" class=\"alignleft wp-image-808 size-full\" src=\"http:\/\/www.mondialduchasselas.com\/wp-content\/uploads\/2015\/09\/120x90_logo-vins-aigle.jpg\" alt=\"120x90_logo-vins-aigle\" width=\"120\" height=\"90\" \/><a href=\"http:\/\/www.vaud-terroirs.ch\"><img decoding=\"async\" loading=\"lazy\" class=\"  alignright wp-image-819\" src=\"http:\/\/www.mondialduchasselas.com\/wp-content\/uploads\/2015\/09\/logo_vaud_terroirs.png\" alt=\"logo_vaud_terroirs\" width=\"150\" height=\"67\" \/><\/a><\/p>\n<p>&nbsp;<\/p>\n<p>&nbsp;<\/p>\n<p><a href=\"http:\/\/www.yvorne-provy.ch\"><img decoding=\"async\" loading=\"lazy\" class=\"alignleft wp-image-822 size-thumbnail\" src=\"http:\/\/www.mondialduchasselas.com\/wp-content\/uploads\/2015\/09\/images-150x150.png\" alt=\"images\" width=\"150\" height=\"150\" srcset=\"https:\/\/www.mondialduchasselas.com\/wp-content\/uploads\/2015\/09\/images-150x150.png 150w, https:\/\/www.mondialduchasselas.com\/wp-content\/uploads\/2015\/09\/images.png 216w\" sizes=\"(max-width: 150px) 100vw, 150px\" \/><\/a><a href=\"http:\/\/www.vins-geneve.ch\"><img decoding=\"async\" loading=\"lazy\" class=\"  alignright wp-image-825\" src=\"http:\/\/www.mondialduchasselas.com\/wp-content\/uploads\/2015\/09\/vins_geneve-300x225.png\" alt=\"vins_geneve\" width=\"150\" height=\"113\" srcset=\"https:\/\/www.mondialduchasselas.com\/wp-content\/uploads\/2015\/09\/vins_geneve-300x225.png 300w, https:\/\/www.mondialduchasselas.com\/wp-content\/uploads\/2015\/09\/vins_geneve-400x300.png 400w, https:\/\/www.mondialduchasselas.com\/wp-content\/uploads\/2015\/09\/vins_geneve.png 540w\" sizes=\"(max-width: 150px) 100vw, 150px\" \/><\/a><\/p>\n<p>&nbsp;<\/p>\n<p>&nbsp;<\/p>\n<p>&nbsp;<\/p>\n<p><a href=\"http:\/\/www.gruyere.com\"><img decoding=\"async\" loading=\"lazy\" class=\" wp-image-824 alignleft\" src=\"http:\/\/www.mondialduchasselas.com\/wp-content\/uploads\/2015\/09\/gruyere-logo-300x119.png\" alt=\"gruyere-logo\" width=\"150\" height=\"60\" srcset=\"https:\/\/www.mondialduchasselas.com\/wp-content\/uploads\/2015\/09\/gruyere-logo-300x119.png 300w, https:\/\/www.mondialduchasselas.com\/wp-content\/uploads\/2015\/09\/gruyere-logo.png 420w\" sizes=\"(max-width: 150px) 100vw, 150px\" \/><\/a><a href=\"http:\/\/www.markgraefler-wein-ev.de\"><img decoding=\"async\" loading=\"lazy\" class=\"  alignright wp-image-828\" src=\"http:\/\/www.mondialduchasselas.com\/wp-content\/uploads\/2015\/09\/logo-markgraefler-wein-ev.gif\" alt=\"logo-markgraefler-wein-ev\" width=\"151\" height=\"67\" \/><\/a><\/p>\n<p style=\"text-align: right;\"><a href=\"http:\/\/www.lesvinsduvalais.ch\"><img decoding=\"async\" loading=\"lazy\" class=\"  alignleft wp-image-827\" src=\"http:\/\/www.mondialduchasselas.com\/wp-content\/uploads\/2015\/09\/ivv_simplebig.jpg\" alt=\"ivv_simplebig\" width=\"150\" height=\"202\" srcset=\"https:\/\/www.mondialduchasselas.com\/wp-content\/uploads\/2015\/09\/ivv_simplebig.jpg 352w, https:\/\/www.mondialduchasselas.com\/wp-content\/uploads\/2015\/09\/ivv_simplebig-223x300.jpg 223w\" sizes=\"(max-width: 150px) 100vw, 150px\" \/><\/a><a href=\"http:\/\/www.gern.ch\"><img decoding=\"async\" loading=\"lazy\" class=\"  alignright wp-image-829\" src=\"http:\/\/www.mondialduchasselas.com\/wp-content\/uploads\/2015\/09\/Collotype.jpg\" alt=\"Collotype\" width=\"150\" height=\"87\" \/><\/a><\/p>\n<p style=\"text-align: right;\"><a href=\"http:\/\/www.mondialduchasselas.com\/wp-content\/uploads\/2015\/09\/frialp.jpg\"><img decoding=\"async\" loading=\"lazy\" class=\" size-full wp-image-830 alignright\" src=\"http:\/\/www.mondialduchasselas.com\/wp-content\/uploads\/2015\/09\/frialp.jpg\" alt=\"frialp\" width=\"140\" height=\"80\" \/><\/a><\/p>\n","protected":false},"excerpt":{"rendered":"<p>Soci\u00e9t\u00e9 des P\u00e9pini\u00e9ristes-Viticulteurs Vaudois &nbsp; &nbsp; &nbsp; &nbsp; &nbsp; &nbsp; &nbsp; &nbsp; &nbsp; &nbsp; &nbsp; &nbsp; &nbsp; &nbsp; &nbsp; &nbsp; &nbsp; &nbsp; &nbsp; &nbsp; &nbsp; &nbsp; &nbsp; &nbsp; &nbsp; &nbsp; &nbsp; &nbsp; &nbsp; &nbsp; &nbsp; &nbsp; &nbsp; &nbsp; &nbsp; &nbsp; &nbsp; &nbsp; des P\u00e9pini\u00e9ristes-Viticulteurs Vaudois &nbsp; &nbsp; &nbsp; &nbsp; &nbsp; &nbsp; &nbsp; &nbsp; &nbsp; &nbsp; [&hellip;]<\/p>\n","protected":false},"author":1,"featured_media":0,"parent":0,"menu_order":0,"comment_status":"open","ping_status":"open","template":"","meta":{"ngg_post_thumbnail":0},"yoast_head":"<!-- This site is optimized with the Yoast SEO plugin v20.3 - https:\/\/yoast.com\/wordpress\/plugins\/seo\/ -->\n<title>Partner - Mondial du Chasselas<\/title>\n<meta name=\"robots\" content=\"index, follow, max-snippet:-1, max-image-preview:large, max-video-preview:-1\" \/>\n<link rel=\"canonical\" href=\"https:\/\/www.mondialduchasselas.com\/de\/partenaires-d\/\" \/>\n<meta property=\"og:locale\" content=\"de_DE\" \/>\n<meta property=\"og:type\" content=\"article\" \/>\n<meta property=\"og:title\" content=\"Partner - Mondial du Chasselas\" \/>\n<meta property=\"og:description\" content=\"Soci\u00e9t\u00e9 des P\u00e9pini\u00e9ristes-Viticulteurs Vaudois &nbsp; &nbsp; &nbsp; &nbsp; &nbsp; &nbsp; &nbsp; &nbsp; &nbsp; &nbsp; &nbsp; &nbsp; &nbsp; &nbsp; &nbsp; &nbsp; &nbsp; &nbsp; &nbsp; &nbsp; &nbsp; &nbsp; &nbsp; &nbsp; &nbsp; &nbsp; &nbsp; &nbsp; &nbsp; &nbsp; &nbsp; &nbsp; &nbsp; &nbsp; &nbsp; &nbsp; &nbsp; &nbsp; des P\u00e9pini\u00e9ristes-Viticulteurs Vaudois &nbsp; &nbsp; &nbsp; &nbsp; &nbsp; &nbsp; &nbsp; &nbsp; &nbsp; &nbsp; [&hellip;]\" \/>\n<meta property=\"og:url\" content=\"https:\/\/www.mondialduchasselas.com\/de\/partenaires-d\/\" \/>\n<meta property=\"og:site_name\" content=\"Mondial du Chasselas\" \/>\n<meta property=\"article:publisher\" content=\"http:\/\/www.facebook.com\/MondialDuChasselas\/\" \/>\n<meta property=\"article:modified_time\" content=\"2018-06-18T16:07:47+00:00\" \/>\n<meta property=\"og:image\" content=\"http:\/\/www.mondialduchasselas.com\/wp-content\/uploads\/2015\/09\/Logo_fechy_blanc-1-1024x223.jpg\" \/>\n<meta name=\"twitter:card\" content=\"summary_large_image\" \/>\n<script type=\"application\/ld+json\" class=\"yoast-schema-graph\">{\"@context\":\"https:\/\/schema.org\",\"@graph\":[{\"@type\":\"WebPage\",\"@id\":\"https:\/\/www.mondialduchasselas.com\/de\/partenaires-d\/\",\"url\":\"https:\/\/www.mondialduchasselas.com\/de\/partenaires-d\/\",\"name\":\"Partner - Mondial du Chasselas\",\"isPartOf\":{\"@id\":\"https:\/\/www.mondialduchasselas.com\/#website\"},\"datePublished\":\"2015-07-17T14:27:12+00:00\",\"dateModified\":\"2018-06-18T16:07:47+00:00\",\"breadcrumb\":{\"@id\":\"https:\/\/www.mondialduchasselas.com\/de\/partenaires-d\/#breadcrumb\"},\"inLanguage\":\"de\",\"potentialAction\":[{\"@type\":\"ReadAction\",\"target\":[\"https:\/\/www.mondialduchasselas.com\/de\/partenaires-d\/\"]}]},{\"@type\":\"BreadcrumbList\",\"@id\":\"https:\/\/www.mondialduchasselas.com\/de\/partenaires-d\/#breadcrumb\",\"itemListElement\":[{\"@type\":\"ListItem\",\"position\":1,\"name\":\"Accueil\",\"item\":\"https:\/\/www.mondialduchasselas.com\/\"},{\"@type\":\"ListItem\",\"position\":2,\"name\":\"Partner\"}]},{\"@type\":\"WebSite\",\"@id\":\"https:\/\/www.mondialduchasselas.com\/#website\",\"url\":\"https:\/\/www.mondialduchasselas.com\/\",\"name\":\"Mondial du Chasselas\",\"description\":\"Le Chasselas, un c\u00e9page plus actuel que jamais\",\"potentialAction\":[{\"@type\":\"SearchAction\",\"target\":{\"@type\":\"EntryPoint\",\"urlTemplate\":\"https:\/\/www.mondialduchasselas.com\/?s={search_term_string}\"},\"query-input\":\"required name=search_term_string\"}],\"inLanguage\":\"de\"}]}<\/script>\n<!-- \/ Yoast SEO plugin. -->","yoast_head_json":{"title":"Partner - Mondial du Chasselas","robots":{"index":"index","follow":"follow","max-snippet":"max-snippet:-1","max-image-preview":"max-image-preview:large","max-video-preview":"max-video-preview:-1"},"canonical":"https:\/\/www.mondialduchasselas.com\/de\/partenaires-d\/","og_locale":"de_DE","og_type":"article","og_title":"Partner - Mondial du Chasselas","og_description":"Soci\u00e9t\u00e9 des P\u00e9pini\u00e9ristes-Viticulteurs Vaudois &nbsp; &nbsp; &nbsp; &nbsp; &nbsp; &nbsp; &nbsp; &nbsp; &nbsp; &nbsp; &nbsp; &nbsp; &nbsp; &nbsp; &nbsp; &nbsp; &nbsp; &nbsp; &nbsp; &nbsp; &nbsp; &nbsp; &nbsp; &nbsp; &nbsp; &nbsp; &nbsp; &nbsp; &nbsp; &nbsp; &nbsp; &nbsp; &nbsp; &nbsp; &nbsp; &nbsp; &nbsp; &nbsp; des P\u00e9pini\u00e9ristes-Viticulteurs Vaudois &nbsp; &nbsp; &nbsp; &nbsp; &nbsp; &nbsp; &nbsp; &nbsp; &nbsp; &nbsp; [&hellip;]","og_url":"https:\/\/www.mondialduchasselas.com\/de\/partenaires-d\/","og_site_name":"Mondial du Chasselas","article_publisher":"http:\/\/www.facebook.com\/MondialDuChasselas\/","article_modified_time":"2018-06-18T16:07:47+00:00","og_image":[{"url":"http:\/\/www.mondialduchasselas.com\/wp-content\/uploads\/2015\/09\/Logo_fechy_blanc-1-1024x223.jpg"}],"twitter_card":"summary_large_image","schema":{"@context":"https:\/\/schema.org","@graph":[{"@type":"WebPage","@id":"https:\/\/www.mondialduchasselas.com\/de\/partenaires-d\/","url":"https:\/\/www.mondialduchasselas.com\/de\/partenaires-d\/","name":"Partner - Mondial du Chasselas","isPartOf":{"@id":"https:\/\/www.mondialduchasselas.com\/#website"},"datePublished":"2015-07-17T14:27:12+00:00","dateModified":"2018-06-18T16:07:47+00:00","breadcrumb":{"@id":"https:\/\/www.mondialduchasselas.com\/de\/partenaires-d\/#breadcrumb"},"inLanguage":"de","potentialAction":[{"@type":"ReadAction","target":["https:\/\/www.mondialduchasselas.com\/de\/partenaires-d\/"]}]},{"@type":"BreadcrumbList","@id":"https:\/\/www.mondialduchasselas.com\/de\/partenaires-d\/#breadcrumb","itemListElement":[{"@type":"ListItem","position":1,"name":"Accueil","item":"https:\/\/www.mondialduchasselas.com\/"},{"@type":"ListItem","position":2,"name":"Partner"}]},{"@type":"WebSite","@id":"https:\/\/www.mondialduchasselas.com\/#website","url":"https:\/\/www.mondialduchasselas.com\/","name":"Mondial du Chasselas","description":"Le Chasselas, un c\u00e9page plus actuel que jamais","potentialAction":[{"@type":"SearchAction","target":{"@type":"EntryPoint","urlTemplate":"https:\/\/www.mondialduchasselas.com\/?s={search_term_string}"},"query-input":"required name=search_term_string"}],"inLanguage":"de"}]}},"_links":{"self":[{"href":"https:\/\/www.mondialduchasselas.com\/de\/wp-json\/wp\/v2\/pages\/274"}],"collection":[{"href":"https:\/\/www.mondialduchasselas.com\/de\/wp-json\/wp\/v2\/pages"}],"about":[{"href":"https:\/\/www.mondialduchasselas.com\/de\/wp-json\/wp\/v2\/types\/page"}],"author":[{"embeddable":true,"href":"https:\/\/www.mondialduchasselas.com\/de\/wp-json\/wp\/v2\/users\/1"}],"replies":[{"embeddable":true,"href":"https:\/\/www.mondialduchasselas.com\/de\/wp-json\/wp\/v2\/comments?post=274"}],"version-history":[{"count":10,"href":"https:\/\/www.mondialduchasselas.com\/de\/wp-json\/wp\/v2\/pages\/274\/revisions"}],"predecessor-version":[{"id":3977,"href":"https:\/\/www.mondialduchasselas.com\/de\/wp-json\/wp\/v2\/pages\/274\/revisions\/3977"}],"wp:attachment":[{"href":"https:\/\/www.mondialduchasselas.com\/de\/wp-json\/wp\/v2\/media?parent=274"}],"curies":[{"name":"wp","href":"https:\/\/api.w.org\/{rel}","templated":true}]}}