{"id":7863,"date":"2023-08-01T11:13:17","date_gmt":"2023-08-01T10:13:17","guid":{"rendered":"https:\/\/www.mondialduchasselas.com\/?page_id=7863"},"modified":"2026-03-16T14:26:34","modified_gmt":"2026-03-16T13:26:34","slug":"welttag-des-chasselas-2024","status":"publish","type":"page","link":"https:\/\/www.mondialduchasselas.com\/de\/welttag-des-chasselas\/welttag-des-chasselas-2024\/","title":{"rendered":"Welttag des Chasselas 2024"},"content":{"rendered":"<h3>Am 12. Dezember 2024 findet der 2. Welttag des Chasselas statt, ein Ereignis, das jedes Jahr am gleichen Datum wiederholt werden<\/h3>\n<p>An diesem Tag werden zahlreiche Veranstaltungen in der ganzen Schweiz den Chasselas ins Rampenlicht r\u00fccken. Angeboten werden Afterworks, Aperitifs, Themenmen\u00fcs und Verkostungen in Hotels, Restaurants, Bars, Vinotheken, Weinkellern, Wintersportorten usw. und, warum nicht, in Ihrem privaten Carnotzet ?<\/p>\n<p>Diese Veranstaltungen werden auf dieser Seite bekannt gegeben, sobald sie verf\u00fcgbar sind. \u00dcberpr\u00fcfen Sie es unbedingt regelm\u00e4\u00dfig!<\/p>\n<h3>EDEKA Sutter in Buggingen DEUTSCHLAND<\/h3>\n<p>19:00 \u00abGutedel\/Chasselas trifft K\u00e4se\u00bb&nbsp;<\/p>\n<h3>Weingut L\u00e4mmlin \u2013 Schindler in Schliengen DEUTSCHLAND<\/h3>\n<p>19:00 Tasting, Einladung von Verein Markgr\u00e4fler Weing\u00fcter, <a href=\"markgraeflerweingueter@gmail.com\" target=\"_blank\" rel=\"noopener\">Anmeldung<\/a><\/p>\n<h3>Event in London ENGLAND<\/h3>\n<p>Masterclass and Wine &amp; dine, <a href=\"https:\/\/chasselasday.sumupstore.com\/\" target=\"_blank\" rel=\"noopener\">registration<\/a><\/p>\n<h3><span style=\"color: #e59201;\">Villars-sur-Ollon (VD)<\/span><\/h3>\n<p>Un ap\u00e9ritif est organis\u00e9 sur la place du march\u00e9 au P&#8217;tit Chalet (17h00-19h00).<\/p>\n<h3><span style=\"color: #e59201;\">Ollon (VD)<\/span><\/h3>\n<p>Une soupe au chasselas et le papet vaudois \u00e0 La Table de Denis chez Bernard Cav\u00e9, <a href=\"https:\/\/www.facebook.com\/share\/p\/1Cu9vKpNt3\/\" target=\"_blank\" rel=\"noopener\">r\u00e9servation<\/a>.<\/p>\n<h3><span style=\"color: #e59201;\">Aigle (VD)<\/span><\/h3>\n<p>Une d\u00e9gustation est organis\u00e9e sur la place du march\u00e9 d\u00e8s 17h00, <a href=\"https:\/\/www.gout.ch\/programme\/6488\/le-quart-dheure-des-vignerons-daigle\" target=\"_blank\" rel=\"noopener\">programme<\/a><\/p>\n<h3><span style=\"color: #e59201;\">Bex (VD)<\/span><\/h3>\n<p>Une d\u00e9gustation est organis\u00e9e \u00e0 la Soci\u00e9t\u00e9 Coop\u00e9rative Vinicole de 16h30 \u00e0 18h30<\/p>\n<h3><span style=\"color: #e59201;\">Le Lob \u00e0 St-L\u00e9gier (VD)<\/span><\/h3>\n<p>Des vignerons du Lavaux se regroupent et organisent une soir\u00e9e vins au&nbsp;<a href=\"http:\/\/www.lelob.ch\/\" target=\"_blank\" rel=\"noopener\">restaurant Le Lob<\/a><\/p>\n<h3><span style=\"color: #e59201;\">Tolochenaz et Nyon (VD)<\/span><\/h3>\n<p>La Cave de la C\u00f4te propose une <a href=\"https:\/\/cavedelacote.ch\/journee-mondiale-du-chasselas\/\" target=\"_blank\" rel=\"noopener\">d\u00e9gustation de chasselas<\/a> dans ses deux boutiques ainsi qu&#8217;une remise sp\u00e9ciale dans son calendrier de l&#8217;Avent.<\/p>\n<h3><span style=\"color: #e59201;\">Mont-sur-Rolle (VD)<\/span><\/h3>\n<p>D\u00e9gustation de vieux mill\u00e9simes (1984, 1994 et 2004) au domaine Les Dames de Hautecour de 17h \u00e0 21h, prix CHF 15 <a href=\"https:\/\/www.damesdehautecour.ch\/index.php\/fr\/component\/jevents\/detailevenement\/25418\/-\/journee-mondiale-du-chasselas?Itemid=101\" target=\"_blank\" rel=\"noopener\">inscription<\/a><\/p>\n<h3><span style=\"color: #e59201;\">Vinzel (VD)<\/span><\/h3>\n<p>Ap\u00e9ritif convivial autour du chasselas de 10h30 \u00e0 12h30 et de 16h00 \u00e0 19h00 \u00e0 la Cave des Rossillonnes. Rabais promotionnel sur les chasselas.<\/p>\n<h3><span style=\"color: #e59201;\">Yverdon (VD)<\/span><\/h3>\n<p>Ap\u00e9ritif : d\u00e9gustation offerte de 17h \u00e0 19h des deux appellations du Nord-Vaudois, <a href=\"https:\/\/www.yverdon-les-bains.ch\/marche-de-noel-2024-yverdon-les-bains\" target=\"_blank\" rel=\"noopener\">programme<\/a>.<\/p>\n<h3><span style=\"color: #e59201;\">Verbier (VS)<\/span><\/h3>\n<p>D\u00e9gustation gratuite ouverte au grand public au 67 Pall Mall de 14h00 \u00e0 18h00.<\/p>\n<h3><span style=\"color: #e59201;\">Sion (VS)<\/span><\/h3>\n<p>Maison Gillard<br \/>\nVerticale fendant Les Murettes, <a href=\"https:\/\/gilliard.ch\/fr\/event\/soiree-verticale-de-fendant\/\" target=\"_blank\" rel=\"noopener\">inscription<\/a><\/p>\n<h3><span style=\"color: #e59201;\">Sierre (VS)<\/span><\/h3>\n<p>Ch\u00e2teau de Villa<br \/>\nMasterclass &#8220;vieux mill\u00e9simes&#8221;,&nbsp; <a href=\"https:\/\/chateaudevilla.ch\/les-bons-plans\/12-12-2024-journee-mondiale-du-chasselas\/\" target=\"_blank\" rel=\"noopener\">inscription<\/a><\/p>\n<h3><span style=\"color: #e59201;\">Neuch\u00e2tel (NE)<\/span><\/h3>\n<p>Neuch\u00e2tel &#8211; Vins et Terroir, <a href=\"https:\/\/neuchatel-vins-terroir.ch\/agenda\/?_event_type=manifestations-partenaires\" target=\"_blank\" rel=\"noopener\">agenda<\/a><\/p>\n<h3><span style=\"color: #e59200;\">Les Vignerons de Gen\u00e8ve (GE)<\/span><\/h3>\n<p>Une animation est organis\u00e9e \u00e0 la&nbsp;<a href=\"https:\/\/cuveesduterroir.ch\/evenements\/\" target=\"_blank\" rel=\"noopener\">boutique<\/a>.<\/p>\n<h3><strong>BAR A VIN<\/strong><\/h3>\n<p>Fol&#8217;terres \u00e0 Fully (VS)<br \/>\nLinpasse \u00e0 Morges (VD)<\/p>\n<h3><strong>GASTRONOMIE<\/strong><\/h3>\n<p>De belles tables vont sublimer le chasselas !<\/p>\n<p>Caf\u00e9 de Peney (GE)<br \/>\n<em>Masterclass &#8220;vieux mill\u00e9simes&#8221; et soir\u00e9e chasselas, <a href=\"https:\/\/www.cafe-de-peney.ch\/\" target=\"_blank\" rel=\"noopener\">programme<\/a><\/em><\/p>\n<p>Gilles Varone (VS) *<br \/>\nL\u2019Apart\u00e9 \u00e0 Gen\u00e8ve (GE), *<br \/>\nLe P\u00e9rolles \u00e0 Fribourg (FR) *<br \/>\nLa Pinte Vaudoise \u00e0 Pully (VD)<br \/>\nLe L\u00e9man \u00e0 Lutry (VD)<br \/>\nLe Chalet au Mont-P\u00e8lerin (VD)<br \/>\nL&#8217;Auberge de Berolle (VD)<br \/>\nLa Croix-Blanche \u00e0 Lavigny (VD)<br \/>\nLa Cl\u00e9 d&#8217;Or \u00e0 Bursinel (VD)<br \/>\nLe Caf\u00e9 de la Poste \u00e0 Villars-Mendraz (VD)<br \/>\nLa Gamme L \u00e0 Froideville (VD)<br \/>\nMattmarkblick \u00e0 Saas Almagell (VS)<br \/>\nLuciole Restaurant (NE)<br \/>\nBarrique \u00e0 Bienne (BL)<br \/>\nGasthof Enge \u00e0 Biberist (SO)<\/p>\n<p style=\"border-top: 1px dotted #ddd !important; padding-top: 10px; margin-top: 30px; margin-bottom: 0;\"><strong>NOS PARTENAIRES<\/strong><\/p>\n<p>Un grand merci \u00e0 Swiss Wine et aux interprofessions cantonales de Suisse romande pour leur soutien.<\/p>\n<div style=\"display: flex; align-items: center;\"><img decoding=\"async\" loading=\"lazy\" class=\"alignleft wp-image-8274\" style=\"margin-right: 20px; border: none;\" src=\"https:\/\/www.mondialduchasselas.com\/wp-content\/uploads\/2023\/11\/DVGB_logo_destin_villars_horiz_pos2-2.png\" alt=\"\" width=\"162\" height=\"47\" srcset=\"https:\/\/www.mondialduchasselas.com\/wp-content\/uploads\/2023\/11\/DVGB_logo_destin_villars_horiz_pos2-2.png 815w, https:\/\/www.mondialduchasselas.com\/wp-content\/uploads\/2023\/11\/DVGB_logo_destin_villars_horiz_pos2-2-300x87.png 300w, https:\/\/www.mondialduchasselas.com\/wp-content\/uploads\/2023\/11\/DVGB_logo_destin_villars_horiz_pos2-2-768x222.png 768w\" sizes=\"(max-width: 162px) 100vw, 162px\" \/><br \/>\n<img decoding=\"async\" loading=\"lazy\" class=\"wp-image-9016 alignleft\" style=\"margin-right: 20px; border: none;\" src=\"https:\/\/www.mondialduchasselas.com\/wp-content\/uploads\/2024\/10\/ot_Verbier-300x109.png\" alt=\"\" width=\"138\" height=\"50\" srcset=\"https:\/\/www.mondialduchasselas.com\/wp-content\/uploads\/2024\/10\/ot_Verbier-300x109.png 300w, https:\/\/www.mondialduchasselas.com\/wp-content\/uploads\/2024\/10\/ot_Verbier.png 373w\" sizes=\"(max-width: 138px) 100vw, 138px\" \/><a href=\"https:\/\/labelfaitmaison.ch\/\" target=\"_blank\" rel=\"noopener\"><img decoding=\"async\" loading=\"lazy\" class=\"wp-image-8276 alignleft\" style=\"margin-right: 40px; border: none;\" src=\"https:\/\/www.mondialduchasselas.com\/wp-content\/uploads\/2023\/11\/LabelFaitMaison_LogoFR_CMJN.png\" alt=\"\" width=\"100\" height=\"143\" srcset=\"https:\/\/www.mondialduchasselas.com\/wp-content\/uploads\/2023\/11\/LabelFaitMaison_LogoFR_CMJN.png 1200w, https:\/\/www.mondialduchasselas.com\/wp-content\/uploads\/2023\/11\/LabelFaitMaison_LogoFR_CMJN-210x300.png 210w, https:\/\/www.mondialduchasselas.com\/wp-content\/uploads\/2023\/11\/LabelFaitMaison_LogoFR_CMJN-717x1024.png 717w, https:\/\/www.mondialduchasselas.com\/wp-content\/uploads\/2023\/11\/LabelFaitMaison_LogoFR_CMJN-768x1098.png 768w, https:\/\/www.mondialduchasselas.com\/wp-content\/uploads\/2023\/11\/LabelFaitMaison_LogoFR_CMJN-1075x1536.png 1075w\" sizes=\"(max-width: 100px) 100vw, 100px\" \/><\/a><br \/>\n<a href=\"https:\/\/sites-du-gout.ch\/lavaux\/\" target=\"_blank\" rel=\"noopener\"><img decoding=\"async\" loading=\"lazy\" class=\"wp-image-8286 alignleft\" style=\"margin-right: 40px; border: none;\" src=\"https:\/\/www.mondialduchasselas.com\/wp-content\/uploads\/2023\/11\/GSG_2020_Logo_FR-150x150.png\" alt=\"\" width=\"100\" height=\"66\" srcset=\"https:\/\/www.mondialduchasselas.com\/wp-content\/uploads\/2023\/11\/GSG_2020_Logo_FR-300x197.png 300w, https:\/\/www.mondialduchasselas.com\/wp-content\/uploads\/2023\/11\/GSG_2020_Logo_FR-1024x671.png 1024w, https:\/\/www.mondialduchasselas.com\/wp-content\/uploads\/2023\/11\/GSG_2020_Logo_FR-768x504.png 768w, https:\/\/www.mondialduchasselas.com\/wp-content\/uploads\/2023\/11\/GSG_2020_Logo_FR.png 1417w\" sizes=\"(max-width: 100px) 100vw, 100px\" \/><\/a><\/div>\n","protected":false},"excerpt":{"rendered":"<p>Am 12. Dezember 2024 findet der 2. Welttag des Chasselas statt, ein Ereignis, das jedes Jahr am gleichen Datum wiederholt werden An diesem Tag werden zahlreiche Veranstaltungen in der ganzen Schweiz den Chasselas ins Rampenlicht r\u00fccken. Angeboten werden Afterworks, Aperitifs, Themenmen\u00fcs und Verkostungen in Hotels, Restaurants, Bars, Vinotheken, Weinkellern, Wintersportorten usw. und, warum nicht, in [&hellip;]<\/p>\n","protected":false},"author":1,"featured_media":0,"parent":11203,"menu_order":20,"comment_status":"closed","ping_status":"closed","template":"","meta":{"ngg_post_thumbnail":0},"yoast_head":"<!-- This site is optimized with the Yoast SEO plugin v20.3 - https:\/\/yoast.com\/wordpress\/plugins\/seo\/ -->\n<title>Welttag des Chasselas 2024 - Mondial du Chasselas<\/title>\n<meta name=\"robots\" content=\"index, follow, max-snippet:-1, max-image-preview:large, max-video-preview:-1\" \/>\n<link rel=\"canonical\" href=\"https:\/\/www.mondialduchasselas.com\/de\/welttag-des-chasselas\/welttag-des-chasselas-2024\/\" \/>\n<meta property=\"og:locale\" content=\"de_DE\" \/>\n<meta property=\"og:type\" content=\"article\" \/>\n<meta property=\"og:title\" content=\"Welttag des Chasselas 2024 - Mondial du Chasselas\" \/>\n<meta property=\"og:description\" content=\"Am 12. Dezember 2024 findet der 2. Welttag des Chasselas statt, ein Ereignis, das jedes Jahr am gleichen Datum wiederholt werden An diesem Tag werden zahlreiche Veranstaltungen in der ganzen Schweiz den Chasselas ins Rampenlicht r\u00fccken. Angeboten werden Afterworks, Aperitifs, Themenmen\u00fcs und Verkostungen in Hotels, Restaurants, Bars, Vinotheken, Weinkellern, Wintersportorten usw. und, warum nicht, in [&hellip;]\" \/>\n<meta property=\"og:url\" content=\"https:\/\/www.mondialduchasselas.com\/de\/welttag-des-chasselas\/welttag-des-chasselas-2024\/\" \/>\n<meta property=\"og:site_name\" content=\"Mondial du Chasselas\" \/>\n<meta property=\"article:publisher\" content=\"http:\/\/www.facebook.com\/MondialDuChasselas\/\" \/>\n<meta property=\"article:modified_time\" content=\"2026-03-16T13:26:34+00:00\" \/>\n<meta property=\"og:image\" content=\"https:\/\/www.mondialduchasselas.com\/wp-content\/uploads\/2023\/11\/DVGB_logo_destin_villars_horiz_pos2-2.png\" \/>\n<meta name=\"twitter:card\" content=\"summary_large_image\" \/>\n<meta name=\"twitter:label1\" content=\"Gesch\u00e4tzte Lesezeit\" \/>\n\t<meta name=\"twitter:data1\" content=\"4\u00a0Minuten\" \/>\n<script type=\"application\/ld+json\" class=\"yoast-schema-graph\">{\"@context\":\"https:\/\/schema.org\",\"@graph\":[{\"@type\":\"WebPage\",\"@id\":\"https:\/\/www.mondialduchasselas.com\/de\/welttag-des-chasselas\/welttag-des-chasselas-2024\/\",\"url\":\"https:\/\/www.mondialduchasselas.com\/de\/welttag-des-chasselas\/welttag-des-chasselas-2024\/\",\"name\":\"Welttag des Chasselas 2024 - Mondial du Chasselas\",\"isPartOf\":{\"@id\":\"https:\/\/www.mondialduchasselas.com\/#website\"},\"datePublished\":\"2023-08-01T10:13:17+00:00\",\"dateModified\":\"2026-03-16T13:26:34+00:00\",\"breadcrumb\":{\"@id\":\"https:\/\/www.mondialduchasselas.com\/de\/welttag-des-chasselas\/welttag-des-chasselas-2024\/#breadcrumb\"},\"inLanguage\":\"de\",\"potentialAction\":[{\"@type\":\"ReadAction\",\"target\":[\"https:\/\/www.mondialduchasselas.com\/de\/welttag-des-chasselas\/welttag-des-chasselas-2024\/\"]}]},{\"@type\":\"BreadcrumbList\",\"@id\":\"https:\/\/www.mondialduchasselas.com\/de\/welttag-des-chasselas\/welttag-des-chasselas-2024\/#breadcrumb\",\"itemListElement\":[{\"@type\":\"ListItem\",\"position\":1,\"name\":\"Accueil\",\"item\":\"https:\/\/www.mondialduchasselas.com\/\"},{\"@type\":\"ListItem\",\"position\":2,\"name\":\"Welttag des Chasselas\",\"item\":\"https:\/\/www.mondialduchasselas.com\/de\/welttag-des-chasselas\/\"},{\"@type\":\"ListItem\",\"position\":3,\"name\":\"Welttag des Chasselas 2024\"}]},{\"@type\":\"WebSite\",\"@id\":\"https:\/\/www.mondialduchasselas.com\/#website\",\"url\":\"https:\/\/www.mondialduchasselas.com\/\",\"name\":\"Mondial du Chasselas\",\"description\":\"Le Chasselas, un c\u00e9page plus actuel que jamais\",\"potentialAction\":[{\"@type\":\"SearchAction\",\"target\":{\"@type\":\"EntryPoint\",\"urlTemplate\":\"https:\/\/www.mondialduchasselas.com\/?s={search_term_string}\"},\"query-input\":\"required name=search_term_string\"}],\"inLanguage\":\"de\"}]}<\/script>\n<!-- \/ Yoast SEO plugin. -->","yoast_head_json":{"title":"Welttag des Chasselas 2024 - Mondial du Chasselas","robots":{"index":"index","follow":"follow","max-snippet":"max-snippet:-1","max-image-preview":"max-image-preview:large","max-video-preview":"max-video-preview:-1"},"canonical":"https:\/\/www.mondialduchasselas.com\/de\/welttag-des-chasselas\/welttag-des-chasselas-2024\/","og_locale":"de_DE","og_type":"article","og_title":"Welttag des Chasselas 2024 - Mondial du Chasselas","og_description":"Am 12. Dezember 2024 findet der 2. Welttag des Chasselas statt, ein Ereignis, das jedes Jahr am gleichen Datum wiederholt werden An diesem Tag werden zahlreiche Veranstaltungen in der ganzen Schweiz den Chasselas ins Rampenlicht r\u00fccken. Angeboten werden Afterworks, Aperitifs, Themenmen\u00fcs und Verkostungen in Hotels, Restaurants, Bars, Vinotheken, Weinkellern, Wintersportorten usw. und, warum nicht, in [&hellip;]","og_url":"https:\/\/www.mondialduchasselas.com\/de\/welttag-des-chasselas\/welttag-des-chasselas-2024\/","og_site_name":"Mondial du Chasselas","article_publisher":"http:\/\/www.facebook.com\/MondialDuChasselas\/","article_modified_time":"2026-03-16T13:26:34+00:00","og_image":[{"url":"https:\/\/www.mondialduchasselas.com\/wp-content\/uploads\/2023\/11\/DVGB_logo_destin_villars_horiz_pos2-2.png"}],"twitter_card":"summary_large_image","twitter_misc":{"Gesch\u00e4tzte Lesezeit":"4\u00a0Minuten"},"schema":{"@context":"https:\/\/schema.org","@graph":[{"@type":"WebPage","@id":"https:\/\/www.mondialduchasselas.com\/de\/welttag-des-chasselas\/welttag-des-chasselas-2024\/","url":"https:\/\/www.mondialduchasselas.com\/de\/welttag-des-chasselas\/welttag-des-chasselas-2024\/","name":"Welttag des Chasselas 2024 - Mondial du Chasselas","isPartOf":{"@id":"https:\/\/www.mondialduchasselas.com\/#website"},"datePublished":"2023-08-01T10:13:17+00:00","dateModified":"2026-03-16T13:26:34+00:00","breadcrumb":{"@id":"https:\/\/www.mondialduchasselas.com\/de\/welttag-des-chasselas\/welttag-des-chasselas-2024\/#breadcrumb"},"inLanguage":"de","potentialAction":[{"@type":"ReadAction","target":["https:\/\/www.mondialduchasselas.com\/de\/welttag-des-chasselas\/welttag-des-chasselas-2024\/"]}]},{"@type":"BreadcrumbList","@id":"https:\/\/www.mondialduchasselas.com\/de\/welttag-des-chasselas\/welttag-des-chasselas-2024\/#breadcrumb","itemListElement":[{"@type":"ListItem","position":1,"name":"Accueil","item":"https:\/\/www.mondialduchasselas.com\/"},{"@type":"ListItem","position":2,"name":"Welttag des Chasselas","item":"https:\/\/www.mondialduchasselas.com\/de\/welttag-des-chasselas\/"},{"@type":"ListItem","position":3,"name":"Welttag des Chasselas 2024"}]},{"@type":"WebSite","@id":"https:\/\/www.mondialduchasselas.com\/#website","url":"https:\/\/www.mondialduchasselas.com\/","name":"Mondial du Chasselas","description":"Le Chasselas, un c\u00e9page plus actuel que jamais","potentialAction":[{"@type":"SearchAction","target":{"@type":"EntryPoint","urlTemplate":"https:\/\/www.mondialduchasselas.com\/?s={search_term_string}"},"query-input":"required name=search_term_string"}],"inLanguage":"de"}]}},"_links":{"self":[{"href":"https:\/\/www.mondialduchasselas.com\/de\/wp-json\/wp\/v2\/pages\/7863"}],"collection":[{"href":"https:\/\/www.mondialduchasselas.com\/de\/wp-json\/wp\/v2\/pages"}],"about":[{"href":"https:\/\/www.mondialduchasselas.com\/de\/wp-json\/wp\/v2\/types\/page"}],"author":[{"embeddable":true,"href":"https:\/\/www.mondialduchasselas.com\/de\/wp-json\/wp\/v2\/users\/1"}],"replies":[{"embeddable":true,"href":"https:\/\/www.mondialduchasselas.com\/de\/wp-json\/wp\/v2\/comments?post=7863"}],"version-history":[{"count":63,"href":"https:\/\/www.mondialduchasselas.com\/de\/wp-json\/wp\/v2\/pages\/7863\/revisions"}],"predecessor-version":[{"id":9651,"href":"https:\/\/www.mondialduchasselas.com\/de\/wp-json\/wp\/v2\/pages\/7863\/revisions\/9651"}],"up":[{"embeddable":true,"href":"https:\/\/www.mondialduchasselas.com\/de\/wp-json\/wp\/v2\/pages\/11203"}],"wp:attachment":[{"href":"https:\/\/www.mondialduchasselas.com\/de\/wp-json\/wp\/v2\/media?parent=7863"}],"curies":[{"name":"wp","href":"https:\/\/api.w.org\/{rel}","templated":true}]}}