{"id":8883,"date":"2024-10-09T11:13:56","date_gmt":"2024-10-09T10:13:56","guid":{"rendered":"https:\/\/www.mondialduchasselas.com\/?page_id=8883"},"modified":"2026-03-16T14:26:51","modified_gmt":"2026-03-16T13:26:51","slug":"welttag-des-chasselas-2023","status":"publish","type":"page","link":"https:\/\/www.mondialduchasselas.com\/de\/welttag-des-chasselas\/welttag-des-chasselas-2023\/","title":{"rendered":"Welttag des Chasselas 2023"},"content":{"rendered":"<h3 style=\"color: #e59201;\"><span style=\"color: #000000;\"><strong>Am 12. Dezember 2023<\/strong> findet der <strong>1. Welttag des Chasselas<\/strong> statt, ein Ereignis, das jedes Jahr am gleichen Datum wiederholt werden<\/span><\/h3>\n<p>An diesem Tag werden zahlreiche Veranstaltungen in der ganzen Schweiz den Chasselas ins Rampenlicht r\u00fccken. Angeboten werden Afterworks, Aperitifs, Themenmen\u00fcs und Verkostungen in Hotels, Restaurants, Bars, Vinotheken, Weinkellern, Wintersportorten usw. und, warum nicht, in Ihrem privaten Carnotzet ?<\/p>\n<p>Diese Veranstaltungen werden auf dieser Seite bekannt gegeben, sobald sie verf\u00fcgbar sind. \u00dcberpr\u00fcfen Sie es unbedingt regelm\u00e4\u00dfig!<\/p>\n<h3>Weingut Walz in Heitersheim DEUTSCHLAND<\/h3>\n<p>Apero Raclette, Einladung von Verein Markgr\u00e4fler Weing\u00fcter.<\/p>\n<h3><span style=\"color: #e59201;\">Villars-sur-Ollon (VD)<\/span><\/h3>\n<p>Ein Aperitif wird auf dem Marktplatz im P&#8217;tit Chalet (17.00-19.00 Uhr) organisiert.<\/p>\n<h3><span style=\"color: #e59201;\">Les Vignerons de Gen\u00e8ve (GE)<\/span><\/h3>\n<p>In der&nbsp; <a href=\"https:\/\/lesvigneronsdegeneve.ch\/boutique\/\">Boutique<\/a> findet ab 18.00 Uhr ein Unterhaltungsprogramm statt.<\/p>\n<h3><span style=\"color: #e59201;\">La Cave des Po\u00e8tes (GE)<\/span><\/h3>\n<p>Verkostung von 11.00 bis 13.00 Uhr (Chasselas und alte Jahrg\u00e4nge).<\/p>\n<h3><span style=\"color: #e59201;\">La Cave de Gen\u00e8ve (GE)<\/span><\/h3>\n<p>Verkostung in <a href=\"https:\/\/www.cavedegeneve.ch\/experiences\/cellier-magasin\/\">Keller oder im Laden<\/a>.<\/p>\n<h3><span style=\"color: #e59201;\">My Sommelier in Nyon (VD)<\/span><\/h3>\n<p>Am 9.-10. Dezember 2023 findet eine Animation in der <a href=\"https:\/\/mysommelier.ch\/fr\/\">Boutique<\/a> statt.<\/p>\n<h3><span style=\"color: #e59201;\">Weingut Dutruy in Luins (VD)<\/span><\/h3>\n<p id=\"tw-target-text\" class=\"tw-data-text tw-text-large tw-ta\" dir=\"ltr\" data-placeholder=\"Traduction\" data-ved=\"2ahUKEwi8yKm8u_aCAxWMzAIHHdLfAYsQ3ewLegQIBRAQ\"><span class=\"Y2IQFc\" lang=\"de\">Ein herrlicher Abend am 7. Dezember 2023 mit einem Vertical vom Chasselas.<\/span><\/p>\n<h3><span style=\"color: #e59201;\">Ch\u00e2teau d&#8217;Ecl\u00e9pens (VD)<\/span><\/h3>\n<p>20% <a href=\"https:\/\/www.chateau-eclepens.ch\/news\/\">Sonderangebot<\/a> auf Chasselas.<\/p>\n<h3><span style=\"color: #e59201;\">Weingut Potterat in Cully (VD)<\/span><\/h3>\n<p id=\"tw-target-text\" class=\"tw-data-text tw-text-large tw-ta\" dir=\"ltr\" data-placeholder=\"Traduction\" data-ved=\"2ahUKEwiFs73i6P2CAxWDtqQKHcCSCJ4Q3ewLegQIBRAQ\"><span class=\"Y2IQFc\" lang=\"de\">Aperitif von 11:00 bis 12:00 Uhr.<\/span><\/p>\n<h3><span style=\"color: #e59201;\">Les Fr\u00e8res Dubois, cave Petit Versailles in Cully (VD)<\/span><\/h3>\n<p>Erstes Glas Braise d&#8217;Enfer gratis in der Oenothek des Petit Versailles in Cully!<\/p>\n<h3><span style=\"color: #e59201;\">Le Lob in St-L\u00e9gier (VD)<\/span><\/h3>\n<p>Winzer aus dem Lavaux schlie\u00dfen sich zusammen und organisieren einen Weinabend im <a href=\"http:\/\/www.lelob.ch\/\">Restaurant Le Lob<\/a>.<\/p>\n<h3><span style=\"color: #e59201;\">Bernard Cav\u00e9 in Ollon (VD)<\/span><\/h3>\n<p id=\"tw-target-text\" class=\"tw-data-text tw-text-large tw-ta\" dir=\"ltr\" data-placeholder=\"Traduction\" data-ved=\"2ahUKEwjb6OvUuPaCAxWQ-aQKHdO-BlAQ3ewLegQIBRAQ\"><span class=\"Y2IQFc\" lang=\"de\">Sehr sch\u00f6nes Programm von 11:00 bis 21:00 Uhr (Malakoff, Bacchus-Fondue)!<\/span><\/p>\n<h3><span style=\"color: #e59201;\">Vinoth\u00e8que Le Canon in Ollon (VD)<\/span><\/h3>\n<p id=\"tw-target-text\" class=\"tw-data-text tw-text-large tw-ta\" dir=\"ltr\" data-placeholder=\"Traduction\" data-ved=\"2ahUKEwjb6OvUuPaCAxWQ-aQKHdO-BlAQ3ewLegQIBRAQ\"><span class=\"Y2IQFc\" lang=\"de\">Begr\u00fcssungsgetr\u00e4nk von Annick und Didier Badan.<\/span><\/p>\n<h3><span style=\"color: #e59201;\">Bar \u00e0 vins Fol&#8217;terres in Fully (VS)<\/span><\/h3>\n<p>Verkostung von Fendant und alten Jahrg\u00e4ngen.<\/p>\n<h3><span style=\"color: #e59201;\">Domaine des Muses \u00e0 Sierre (VS)<\/span><\/h3>\n<p>1 Flasche Fendant gratis ab dem Kauf von 6 Flaschen (vom 11. bis 16. Dezember 2023).<\/p>\n<h3><strong>WETTBEWERB<\/strong><\/h3>\n<h3><span style=\"color: #e59201;\">Le Ch\u00e2teau d&#8217;Aigle&nbsp;<\/span><\/h3>\n<p>Sehen Sie sich den <a href=\"https:\/\/chateauaigle.ch\/calendrier-de-lavent\/\">Wettbewerbskalender<\/a> an: Jeden Tag gibt es 1 Flasche Chasselas zu gewinnen.<\/p>\n<h3><strong>GASTRONOMIE<\/strong><\/h3>\n<p>Grosse Tische werden den Chasselas sublimieren!<\/p>\n<p>L&#8217;h\u00f4tel de Ville in Crissier<br \/>\nL&#8217;Apart\u00e9 in Genf<br \/>\nLe Cigalon in Th\u00f4nex<br \/>\nLe P\u00e9rolles in Freiburg<\/p>\n<div style=\"display: flex; align-items: center;\"><a href=\"https:\/\/www.alpesvaudoises.ch\/de\/\" target=\"_blank\" rel=\"noopener\"><img decoding=\"async\" loading=\"lazy\" class=\"alignleft wp-image-8274\" style=\"margin-right: 40px; border: none;\" src=\"https:\/\/www.mondialduchasselas.com\/wp-content\/uploads\/2023\/11\/DVGB_logo_destin_villars_horiz_pos2-2.png\" alt=\"\" width=\"148\" height=\"43\" srcset=\"https:\/\/www.mondialduchasselas.com\/wp-content\/uploads\/2023\/11\/DVGB_logo_destin_villars_horiz_pos2-2.png 815w, https:\/\/www.mondialduchasselas.com\/wp-content\/uploads\/2023\/11\/DVGB_logo_destin_villars_horiz_pos2-2-300x87.png 300w, https:\/\/www.mondialduchasselas.com\/wp-content\/uploads\/2023\/11\/DVGB_logo_destin_villars_horiz_pos2-2-768x222.png 768w\" sizes=\"(max-width: 148px) 100vw, 148px\" \/><\/a><br \/>\n<a href=\"https:\/\/lesvigneronsdegeneve.ch\/boutique\/\" target=\"_blank\" rel=\"noopener\"><img decoding=\"async\" loading=\"lazy\" class=\"wp-image-8319 alignnone\" style=\"margin-right: 40px; border: none;\" src=\"https:\/\/www.mondialduchasselas.com\/wp-content\/uploads\/2023\/11\/logo-vignerons400-300x113.png\" alt=\"\" width=\"150\" height=\"57\"><\/a><br \/>\n<a href=\"https:\/\/labelfaitmaison.ch\/de\/accueil-deutsch\/\" target=\"_blank\" rel=\"noopener\"><img decoding=\"async\" loading=\"lazy\" class=\"wp-image-8276 alignnone\" style=\"margin-right: 40px; border: none;\" src=\"https:\/\/www.mondialduchasselas.com\/wp-content\/uploads\/2023\/11\/LabelFaitMaison_LogoFR_CMJN.png\" alt=\"\" width=\"100\" height=\"143\" srcset=\"https:\/\/www.mondialduchasselas.com\/wp-content\/uploads\/2023\/11\/LabelFaitMaison_LogoFR_CMJN.png 1200w, https:\/\/www.mondialduchasselas.com\/wp-content\/uploads\/2023\/11\/LabelFaitMaison_LogoFR_CMJN-210x300.png 210w, https:\/\/www.mondialduchasselas.com\/wp-content\/uploads\/2023\/11\/LabelFaitMaison_LogoFR_CMJN-717x1024.png 717w, https:\/\/www.mondialduchasselas.com\/wp-content\/uploads\/2023\/11\/LabelFaitMaison_LogoFR_CMJN-768x1098.png 768w, https:\/\/www.mondialduchasselas.com\/wp-content\/uploads\/2023\/11\/LabelFaitMaison_LogoFR_CMJN-1075x1536.png 1075w\" sizes=\"(max-width: 100px) 100vw, 100px\" \/><\/a><br \/>\n<a href=\"https:\/\/sites-du-gout.ch\/de\/kulinarische-genussorte\/\" target=\"_blank\" rel=\"noopener\"><img decoding=\"async\" loading=\"lazy\" class=\"wp-image-8286 alignnone\" style=\"margin-right: 40px; border: none;\" src=\"https:\/\/www.mondialduchasselas.com\/wp-content\/uploads\/2023\/11\/GSG_2022_Logo_DE-300x196.png\" alt=\"\" width=\"100\" height=\"66\"><\/a><\/div>\n","protected":false},"excerpt":{"rendered":"<p>Am 12. Dezember 2023 findet der 1. Welttag des Chasselas statt, ein Ereignis, das jedes Jahr am gleichen Datum wiederholt werden An diesem Tag werden zahlreiche Veranstaltungen in der ganzen Schweiz den Chasselas ins Rampenlicht r\u00fccken. Angeboten werden Afterworks, Aperitifs, Themenmen\u00fcs und Verkostungen in Hotels, Restaurants, Bars, Vinotheken, Weinkellern, Wintersportorten usw. und, warum nicht, in [&hellip;]<\/p>\n","protected":false},"author":1,"featured_media":0,"parent":11203,"menu_order":30,"comment_status":"closed","ping_status":"closed","template":"","meta":{"ngg_post_thumbnail":0},"yoast_head":"<!-- This site is optimized with the Yoast SEO plugin v20.3 - https:\/\/yoast.com\/wordpress\/plugins\/seo\/ -->\n<title>Welttag des Chasselas 2023 - Mondial du Chasselas<\/title>\n<meta name=\"robots\" content=\"index, follow, max-snippet:-1, max-image-preview:large, max-video-preview:-1\" \/>\n<link rel=\"canonical\" href=\"https:\/\/www.mondialduchasselas.com\/de\/welttag-des-chasselas\/welttag-des-chasselas-2023\/\" \/>\n<meta property=\"og:locale\" content=\"de_DE\" \/>\n<meta property=\"og:type\" content=\"article\" \/>\n<meta property=\"og:title\" content=\"Welttag des Chasselas 2023 - Mondial du Chasselas\" \/>\n<meta property=\"og:description\" content=\"Am 12. Dezember 2023 findet der 1. Welttag des Chasselas statt, ein Ereignis, das jedes Jahr am gleichen Datum wiederholt werden An diesem Tag werden zahlreiche Veranstaltungen in der ganzen Schweiz den Chasselas ins Rampenlicht r\u00fccken. Angeboten werden Afterworks, Aperitifs, Themenmen\u00fcs und Verkostungen in Hotels, Restaurants, Bars, Vinotheken, Weinkellern, Wintersportorten usw. und, warum nicht, in [&hellip;]\" \/>\n<meta property=\"og:url\" content=\"https:\/\/www.mondialduchasselas.com\/de\/welttag-des-chasselas\/welttag-des-chasselas-2023\/\" \/>\n<meta property=\"og:site_name\" content=\"Mondial du Chasselas\" \/>\n<meta property=\"article:publisher\" content=\"http:\/\/www.facebook.com\/MondialDuChasselas\/\" \/>\n<meta property=\"article:modified_time\" content=\"2026-03-16T13:26:51+00:00\" \/>\n<meta property=\"og:image\" content=\"https:\/\/www.mondialduchasselas.com\/wp-content\/uploads\/2023\/11\/DVGB_logo_destin_villars_horiz_pos2-2.png\" \/>\n<meta name=\"twitter:card\" content=\"summary_large_image\" \/>\n<meta name=\"twitter:label1\" content=\"Gesch\u00e4tzte Lesezeit\" \/>\n\t<meta name=\"twitter:data1\" content=\"3\u00a0Minuten\" \/>\n<script type=\"application\/ld+json\" class=\"yoast-schema-graph\">{\"@context\":\"https:\/\/schema.org\",\"@graph\":[{\"@type\":\"WebPage\",\"@id\":\"https:\/\/www.mondialduchasselas.com\/de\/welttag-des-chasselas\/welttag-des-chasselas-2023\/\",\"url\":\"https:\/\/www.mondialduchasselas.com\/de\/welttag-des-chasselas\/welttag-des-chasselas-2023\/\",\"name\":\"Welttag des Chasselas 2023 - Mondial du Chasselas\",\"isPartOf\":{\"@id\":\"https:\/\/www.mondialduchasselas.com\/#website\"},\"datePublished\":\"2024-10-09T10:13:56+00:00\",\"dateModified\":\"2026-03-16T13:26:51+00:00\",\"breadcrumb\":{\"@id\":\"https:\/\/www.mondialduchasselas.com\/de\/welttag-des-chasselas\/welttag-des-chasselas-2023\/#breadcrumb\"},\"inLanguage\":\"de\",\"potentialAction\":[{\"@type\":\"ReadAction\",\"target\":[\"https:\/\/www.mondialduchasselas.com\/de\/welttag-des-chasselas\/welttag-des-chasselas-2023\/\"]}]},{\"@type\":\"BreadcrumbList\",\"@id\":\"https:\/\/www.mondialduchasselas.com\/de\/welttag-des-chasselas\/welttag-des-chasselas-2023\/#breadcrumb\",\"itemListElement\":[{\"@type\":\"ListItem\",\"position\":1,\"name\":\"Accueil\",\"item\":\"https:\/\/www.mondialduchasselas.com\/\"},{\"@type\":\"ListItem\",\"position\":2,\"name\":\"Welttag des Chasselas\",\"item\":\"https:\/\/www.mondialduchasselas.com\/de\/welttag-des-chasselas\/\"},{\"@type\":\"ListItem\",\"position\":3,\"name\":\"Welttag des Chasselas 2023\"}]},{\"@type\":\"WebSite\",\"@id\":\"https:\/\/www.mondialduchasselas.com\/#website\",\"url\":\"https:\/\/www.mondialduchasselas.com\/\",\"name\":\"Mondial du Chasselas\",\"description\":\"Le Chasselas, un c\u00e9page plus actuel que jamais\",\"potentialAction\":[{\"@type\":\"SearchAction\",\"target\":{\"@type\":\"EntryPoint\",\"urlTemplate\":\"https:\/\/www.mondialduchasselas.com\/?s={search_term_string}\"},\"query-input\":\"required name=search_term_string\"}],\"inLanguage\":\"de\"}]}<\/script>\n<!-- \/ Yoast SEO plugin. -->","yoast_head_json":{"title":"Welttag des Chasselas 2023 - Mondial du Chasselas","robots":{"index":"index","follow":"follow","max-snippet":"max-snippet:-1","max-image-preview":"max-image-preview:large","max-video-preview":"max-video-preview:-1"},"canonical":"https:\/\/www.mondialduchasselas.com\/de\/welttag-des-chasselas\/welttag-des-chasselas-2023\/","og_locale":"de_DE","og_type":"article","og_title":"Welttag des Chasselas 2023 - Mondial du Chasselas","og_description":"Am 12. Dezember 2023 findet der 1. Welttag des Chasselas statt, ein Ereignis, das jedes Jahr am gleichen Datum wiederholt werden An diesem Tag werden zahlreiche Veranstaltungen in der ganzen Schweiz den Chasselas ins Rampenlicht r\u00fccken. Angeboten werden Afterworks, Aperitifs, Themenmen\u00fcs und Verkostungen in Hotels, Restaurants, Bars, Vinotheken, Weinkellern, Wintersportorten usw. und, warum nicht, in [&hellip;]","og_url":"https:\/\/www.mondialduchasselas.com\/de\/welttag-des-chasselas\/welttag-des-chasselas-2023\/","og_site_name":"Mondial du Chasselas","article_publisher":"http:\/\/www.facebook.com\/MondialDuChasselas\/","article_modified_time":"2026-03-16T13:26:51+00:00","og_image":[{"url":"https:\/\/www.mondialduchasselas.com\/wp-content\/uploads\/2023\/11\/DVGB_logo_destin_villars_horiz_pos2-2.png"}],"twitter_card":"summary_large_image","twitter_misc":{"Gesch\u00e4tzte Lesezeit":"3\u00a0Minuten"},"schema":{"@context":"https:\/\/schema.org","@graph":[{"@type":"WebPage","@id":"https:\/\/www.mondialduchasselas.com\/de\/welttag-des-chasselas\/welttag-des-chasselas-2023\/","url":"https:\/\/www.mondialduchasselas.com\/de\/welttag-des-chasselas\/welttag-des-chasselas-2023\/","name":"Welttag des Chasselas 2023 - Mondial du Chasselas","isPartOf":{"@id":"https:\/\/www.mondialduchasselas.com\/#website"},"datePublished":"2024-10-09T10:13:56+00:00","dateModified":"2026-03-16T13:26:51+00:00","breadcrumb":{"@id":"https:\/\/www.mondialduchasselas.com\/de\/welttag-des-chasselas\/welttag-des-chasselas-2023\/#breadcrumb"},"inLanguage":"de","potentialAction":[{"@type":"ReadAction","target":["https:\/\/www.mondialduchasselas.com\/de\/welttag-des-chasselas\/welttag-des-chasselas-2023\/"]}]},{"@type":"BreadcrumbList","@id":"https:\/\/www.mondialduchasselas.com\/de\/welttag-des-chasselas\/welttag-des-chasselas-2023\/#breadcrumb","itemListElement":[{"@type":"ListItem","position":1,"name":"Accueil","item":"https:\/\/www.mondialduchasselas.com\/"},{"@type":"ListItem","position":2,"name":"Welttag des Chasselas","item":"https:\/\/www.mondialduchasselas.com\/de\/welttag-des-chasselas\/"},{"@type":"ListItem","position":3,"name":"Welttag des Chasselas 2023"}]},{"@type":"WebSite","@id":"https:\/\/www.mondialduchasselas.com\/#website","url":"https:\/\/www.mondialduchasselas.com\/","name":"Mondial du Chasselas","description":"Le Chasselas, un c\u00e9page plus actuel que jamais","potentialAction":[{"@type":"SearchAction","target":{"@type":"EntryPoint","urlTemplate":"https:\/\/www.mondialduchasselas.com\/?s={search_term_string}"},"query-input":"required name=search_term_string"}],"inLanguage":"de"}]}},"_links":{"self":[{"href":"https:\/\/www.mondialduchasselas.com\/de\/wp-json\/wp\/v2\/pages\/8883"}],"collection":[{"href":"https:\/\/www.mondialduchasselas.com\/de\/wp-json\/wp\/v2\/pages"}],"about":[{"href":"https:\/\/www.mondialduchasselas.com\/de\/wp-json\/wp\/v2\/types\/page"}],"author":[{"embeddable":true,"href":"https:\/\/www.mondialduchasselas.com\/de\/wp-json\/wp\/v2\/users\/1"}],"replies":[{"embeddable":true,"href":"https:\/\/www.mondialduchasselas.com\/de\/wp-json\/wp\/v2\/comments?post=8883"}],"version-history":[{"count":1,"href":"https:\/\/www.mondialduchasselas.com\/de\/wp-json\/wp\/v2\/pages\/8883\/revisions"}],"predecessor-version":[{"id":8884,"href":"https:\/\/www.mondialduchasselas.com\/de\/wp-json\/wp\/v2\/pages\/8883\/revisions\/8884"}],"up":[{"embeddable":true,"href":"https:\/\/www.mondialduchasselas.com\/de\/wp-json\/wp\/v2\/pages\/11203"}],"wp:attachment":[{"href":"https:\/\/www.mondialduchasselas.com\/de\/wp-json\/wp\/v2\/media?parent=8883"}],"curies":[{"name":"wp","href":"https:\/\/api.w.org\/{rel}","templated":true}]}}