{"id":9650,"date":"2025-06-13T08:48:18","date_gmt":"2025-06-13T07:48:18","guid":{"rendered":"https:\/\/www.mondialduchasselas.com\/?page_id=9650"},"modified":"2026-03-16T14:26:44","modified_gmt":"2026-03-16T13:26:44","slug":"welttag-des-chasselas-2025","status":"publish","type":"page","link":"https:\/\/www.mondialduchasselas.com\/de\/welttag-des-chasselas\/welttag-des-chasselas-2025\/","title":{"rendered":"Welttag des Chasselas 2025"},"content":{"rendered":"<h2>Am 12. Dezember 2025 findet der 3. Welttag des Chasselas statt, ein Ereignis, das jedes Jahr am gleichen Datum wiederholt werden.<\/h2>\n<p>An diesem Tag werden zahlreiche Veranstaltungen in der ganzen Schweiz den Chasselas ins Rampenlicht r\u00fccken. Angeboten werden Afterworks, Aperitifs, Themenmen\u00fcs und Verkostungen in Hotels, Restaurants, Bars, Vinotheken, Weinkellern, Wintersportorten usw. und, warum nicht, in Ihrem privaten Carnotzet ?<\/p>\n<p>Diese Veranstaltungen werden auf dieser Seite bekannt gegeben, sobald sie verf\u00fcgbar sind. \u00dcberpr\u00fcfen Sie es unbedingt regelm\u00e4\u00dfig!<\/p>\n<h3>Weingut Blankenhorn in Schliengen DEUTSCHLAND<\/h3>\n<p>Um 19:00 Verkostung alter Gutedel-Jahrg\u00e4nge und Abendessen (kostenlos), <a href=\"mailto:markgraeflerweingueter@gmail.com\">Anmeldung<\/a><\/p>\n<h3>Uhland 21 Weinlade und Uhland21 in Karlsruhe DEUTSCHLAND<\/h3>\n<p>15:00 bis 17.00 Masterclass unter der Leitung von Yvonne HEISTERMANN, Ambassadrice du Chasselas, <a href=\"mailto:yvonne@heistermann.com\">Anmeldung<\/a><\/p>\n<h3><span style=\"color: #ff9900;\">Aigle (VD)<\/span><\/h3>\n<p><a href=\"https:\/\/www.aigle.ch\/N19378\/decembre-en-fete.html\">D\u00e9cembre en f\u00eate<\/a><br \/>\nUne d\u00e9gustation est organis\u00e9e sur la place du march\u00e9 de 16h00 \u00e0 20h00.<\/p>\n<h3><span style=\"color: #ff9900;\">Bex (VD)<\/span><\/h3>\n<p>Une d\u00e9gustation est organis\u00e9e \u00e0 la Soci\u00e9t\u00e9 Coop\u00e9rative Vinicole de 16h00 \u00e0 19h00.<\/p>\n<h3><span style=\"color: #ff9900;\">Ollon (VD)<\/span><\/h3>\n<p>D\u00e9gustation de chasselas et papet vaudois chez <strong>Bernard Cav\u00e9<\/strong>.<\/p>\n<h3><span style=\"color: #ff9900;\">Yvorne (VD)<\/span><\/h3>\n<p>37 ans de chasselas avec <strong>Martin SUARDET<\/strong>, vigneron au Ch\u00e2teau Maison Blanche, accords mets et vins \u00e0 l&#8217;Auberge de la Couronne 6 plats \u00e0 CHF 150 (<a href=\"contact@aubergedelacouronne.ch\">sur inscription<\/a>).<\/p>\n<h3><span style=\"color: #ff9900;\">Vevey (VD)<\/span><\/h3>\n<p>D\u00e9gustation : 12 D\u00e9zaley Grand Cru 2024 de la caisse de la Baronnie du D\u00e9zaley en pr\u00e9sence des 12 vignerons !<br \/>\nLieu : place du march\u00e9, Village de No\u00ebl, chalet principal, 17h00-20h00 (entr\u00e9e libre).<\/p>\n<h3><span style=\"color: #ff9900;\">Lutry (VD)<\/span><\/h3>\n<p>Masterclass de &#8220;vieux mill\u00e9simes&#8221; anim\u00e9e par <strong>Philippe MARTIN<\/strong>, oenologue au caf\u00e9 de la Tour de 11h30 \u00e0 13h30 (sur inscription).<\/p>\n<h3><span style=\"color: #ff9900;\">Lausanne (VD)<\/span><\/h3>\n<p><strong>Lausanne Palace<br \/>\n<\/strong>Bar 1915 une assiette de d\u00e9gustation accompagn\u00e9e de 3 chasselas&nbsp;<\/p>\n<h3><span style=\"color: #ff9900;\">Mont-sur-Rolle (VD)<\/span><\/h3>\n<p>Conf\u00e9rence et ap\u00e9ritif gourmand de 18h00 \u00e0 21h30 (<a href=\"https:\/\/maisondesvins.ch\/produit\/conference-aperitif-gourmand-2\/\">sur inscription<\/a>).<\/p>\n<h3><span style=\"color: #ff9900;\">Vinzel (VD)<\/span><\/h3>\n<p>Ap\u00e9ritif convivial autour du chasselas de 10h30 \u00e0 12h30 et de 16h00 \u00e0 20h00 \u00e0 la Cave des Rossillonnes.<br \/>\nRabais sur les chasselas, soit \u00e0 la cave ou sur la boutique en ligne (<a href=\"https:\/\/cavedesrossillonnes.ch\/boutique\/\">Boutique \u2013 Cave des Rossillonnes<\/a>).<\/p>\n<h3><span style=\"color: #ff9900;\">Yverdon (VD)<\/span><\/h3>\n<p><a href=\"https:\/\/www.yverdon-les-bains.ch\/marche-de-noel-yverdon-les-bains\">March\u00e9 de No\u00ebl<\/a><br \/>\nAp\u00e9ritif : d\u00e9gustation offerte de 17h \u00e0 19h des deux appellations du Nord-Vaudois.<br \/>\nBouch\u00e9es truff\u00e9es offertes par l&#8217;association Premi\u00e8re R\u00e9gion Truffi\u00e8re de Suisse.<\/p>\n<h3><span style=\"color: #ff9900;\">Neuch\u00e2tel (NE)<\/span><\/h3>\n<p>Cave de la B\u00e9roche, <a href=\"https:\/\/caves-beroche.ch\/portesouvertes-de-noel\/\">Portes ouvertes de No\u00ebl<\/a> avec une d\u00e9gustation de vins prim\u00e9s et masterclass&nbsp;<br \/>\nCh\u00e2teau de Boudry, <a href=\"https:\/\/chateaudeboudry.ch\/agenda\/\">soir\u00e9e des champions<\/a> avec une d\u00e9gustation de vins prim\u00e9s et de fromage.<\/p>\n<h3><span style=\"color: #ff9900;\">Les Vignerons de Gen\u00e8ve (GE)<\/span><\/h3>\n<p>Une masterclass &#8220;le chasselas dans tous ses \u00e9tats&#8221; est organis\u00e9e \u00e0 la <a href=\"https:\/\/cuveesduterroir.ch\/evenements\/\" target=\"_blank\" rel=\"noopener\">boutique<\/a>.<\/p>\n<h3><span style=\"color: #ff9900;\">I have a drink (GE)<\/span><\/h3>\n<p>D\u00e9gustation de vins prim\u00e9s&nbsp; de 16h00 \u00e0 19h00.<br \/>\nMasterclass &#8220;vieux mill\u00e9simes&#8221; de 17h30 \u00e0 19h30 (<a href=\"https:\/\/ihaveadrink.ch\/\">sur inscription<\/a>).<\/p>\n<h3><strong>STATION DE SKI<\/strong><\/h3>\n<h3><span style=\"color: #ff9900;\">Villars-sur-Ollon (VD)<\/span><\/h3>\n<p>Un ap\u00e9ritif est organis\u00e9 sur la place du march\u00e9 au P\u2019tit Chalet (17h00-19h00).<\/p>\n<h3><span style=\"color: #ff9900;\">Verbier (VS)<\/span><\/h3>\n<p>D\u00e9gustation de vins prim\u00e9s au bar N08, toute la journ\u00e9e jusqu&#8217;\u00e0 20h00.<\/p>\n<h3><span style=\"color: #ff9900;\">Anz\u00e8re (VS)<\/span><\/h3>\n<p>Accords mets et vins &#8220;le chasselas dans tous ses \u00e9tats&#8221;, pr\u00e9sentation par <strong>Philippe MARTIN<\/strong>, oenologue au restaurant Le Dahu (prix pour la soir\u00e9e CHF 75, sur inscription)<\/p>\n<h3><strong>BAR A VIN<\/strong><\/h3>\n<p>1dl \u00e0 Grimisuat (VS)<br \/>\nFol\u2019terres \u00e0 Fully (VS)<br \/>\nLinpasse \u00e0 Morges (VD)<\/p>\n<h3><strong>GASTRONOMIE<\/strong><\/h3>\n<p>De belles tables vont sublimer le chasselas !<\/p>\n<p><strong>Caf\u00e9 de Peney (GE)<\/strong><br \/>\n<em>Masterclass \u201cvieux mill\u00e9simes\u201d et soir\u00e9e chasselas (<a href=\"https:\/\/www.cafe-de-peney.ch\/wp-content\/uploads\/2025\/11\/Chasselas-25.png\">sur inscription<\/a>)<\/em><\/p>\n<p><strong>AMEO (ZH)<\/strong><br \/>\n<em>Wine &amp; lunch, 4 plats avec 4 chasselas de 11h30 \u00e0 14h00 (<a href=\"https:\/\/www.ameo-restaurant.ch\/reservations\">sur inscription<\/a>)<\/em><\/p>\n<p>Gilles Varone (VS) **<br \/>\nH\u00f4tel de Ville d&#8217;Ollon (VD) *<br \/>\nMaison D\u00e9cotterd (VD)*<br \/>\nL\u2019Apart\u00e9 \u00e0 Gen\u00e8ve (GE) *<br \/>\nLe P\u00e9rolles \u00e0 Fribourg (FR) *<br \/>\nLe Chalet au Mont-P\u00e8lerin (VD)<br \/>\nLe L\u00e9man \u00e0 Lutry (VD)<br \/>\nLe Caf\u00e9 de la Poste \u00e0 Villars-Mendraz (VD)<\/p>\n<p><strong>NOS PARTENAIRES<\/strong><\/p>\n<p>Un grand merci \u00e0 Swiss Wine et aux interprofessions cantonales de Suisse romande pour leur soutien.<\/p>\n","protected":false},"excerpt":{"rendered":"<p>Am 12. Dezember 2025 findet der 3. Welttag des Chasselas statt, ein Ereignis, das jedes Jahr am gleichen Datum wiederholt werden. An diesem Tag werden zahlreiche Veranstaltungen in der ganzen Schweiz den Chasselas ins Rampenlicht r\u00fccken. Angeboten werden Afterworks, Aperitifs, Themenmen\u00fcs und Verkostungen in Hotels, Restaurants, Bars, Vinotheken, Weinkellern, Wintersportorten usw. und, warum nicht, in [&hellip;]<\/p>\n","protected":false},"author":1,"featured_media":0,"parent":11203,"menu_order":10,"comment_status":"closed","ping_status":"closed","template":"","meta":{"ngg_post_thumbnail":0},"yoast_head":"<!-- This site is optimized with the Yoast SEO plugin v20.3 - https:\/\/yoast.com\/wordpress\/plugins\/seo\/ -->\n<title>Welttag des Chasselas 2025 - Mondial du Chasselas<\/title>\n<meta name=\"robots\" content=\"index, follow, max-snippet:-1, max-image-preview:large, max-video-preview:-1\" \/>\n<link rel=\"canonical\" href=\"https:\/\/www.mondialduchasselas.com\/de\/welttag-des-chasselas\/welttag-des-chasselas-2025\/\" \/>\n<meta property=\"og:locale\" content=\"de_DE\" \/>\n<meta property=\"og:type\" content=\"article\" \/>\n<meta property=\"og:title\" content=\"Welttag des Chasselas 2025 - Mondial du Chasselas\" \/>\n<meta property=\"og:description\" content=\"Am 12. Dezember 2025 findet der 3. Welttag des Chasselas statt, ein Ereignis, das jedes Jahr am gleichen Datum wiederholt werden. An diesem Tag werden zahlreiche Veranstaltungen in der ganzen Schweiz den Chasselas ins Rampenlicht r\u00fccken. Angeboten werden Afterworks, Aperitifs, Themenmen\u00fcs und Verkostungen in Hotels, Restaurants, Bars, Vinotheken, Weinkellern, Wintersportorten usw. und, warum nicht, in [&hellip;]\" \/>\n<meta property=\"og:url\" content=\"https:\/\/www.mondialduchasselas.com\/de\/welttag-des-chasselas\/welttag-des-chasselas-2025\/\" \/>\n<meta property=\"og:site_name\" content=\"Mondial du Chasselas\" \/>\n<meta property=\"article:publisher\" content=\"http:\/\/www.facebook.com\/MondialDuChasselas\/\" \/>\n<meta property=\"article:modified_time\" content=\"2026-03-16T13:26:44+00:00\" \/>\n<meta name=\"twitter:card\" content=\"summary_large_image\" \/>\n<meta name=\"twitter:label1\" content=\"Gesch\u00e4tzte Lesezeit\" \/>\n\t<meta name=\"twitter:data1\" content=\"3\u00a0Minuten\" \/>\n<script type=\"application\/ld+json\" class=\"yoast-schema-graph\">{\"@context\":\"https:\/\/schema.org\",\"@graph\":[{\"@type\":\"WebPage\",\"@id\":\"https:\/\/www.mondialduchasselas.com\/de\/welttag-des-chasselas\/welttag-des-chasselas-2025\/\",\"url\":\"https:\/\/www.mondialduchasselas.com\/de\/welttag-des-chasselas\/welttag-des-chasselas-2025\/\",\"name\":\"Welttag des Chasselas 2025 - Mondial du Chasselas\",\"isPartOf\":{\"@id\":\"https:\/\/www.mondialduchasselas.com\/#website\"},\"datePublished\":\"2025-06-13T07:48:18+00:00\",\"dateModified\":\"2026-03-16T13:26:44+00:00\",\"breadcrumb\":{\"@id\":\"https:\/\/www.mondialduchasselas.com\/de\/welttag-des-chasselas\/welttag-des-chasselas-2025\/#breadcrumb\"},\"inLanguage\":\"de\",\"potentialAction\":[{\"@type\":\"ReadAction\",\"target\":[\"https:\/\/www.mondialduchasselas.com\/de\/welttag-des-chasselas\/welttag-des-chasselas-2025\/\"]}]},{\"@type\":\"BreadcrumbList\",\"@id\":\"https:\/\/www.mondialduchasselas.com\/de\/welttag-des-chasselas\/welttag-des-chasselas-2025\/#breadcrumb\",\"itemListElement\":[{\"@type\":\"ListItem\",\"position\":1,\"name\":\"Accueil\",\"item\":\"https:\/\/www.mondialduchasselas.com\/\"},{\"@type\":\"ListItem\",\"position\":2,\"name\":\"Welttag des Chasselas\",\"item\":\"https:\/\/www.mondialduchasselas.com\/de\/welttag-des-chasselas\/\"},{\"@type\":\"ListItem\",\"position\":3,\"name\":\"Welttag des Chasselas 2025\"}]},{\"@type\":\"WebSite\",\"@id\":\"https:\/\/www.mondialduchasselas.com\/#website\",\"url\":\"https:\/\/www.mondialduchasselas.com\/\",\"name\":\"Mondial du Chasselas\",\"description\":\"Le Chasselas, un c\u00e9page plus actuel que jamais\",\"potentialAction\":[{\"@type\":\"SearchAction\",\"target\":{\"@type\":\"EntryPoint\",\"urlTemplate\":\"https:\/\/www.mondialduchasselas.com\/?s={search_term_string}\"},\"query-input\":\"required name=search_term_string\"}],\"inLanguage\":\"de\"}]}<\/script>\n<!-- \/ Yoast SEO plugin. -->","yoast_head_json":{"title":"Welttag des Chasselas 2025 - Mondial du Chasselas","robots":{"index":"index","follow":"follow","max-snippet":"max-snippet:-1","max-image-preview":"max-image-preview:large","max-video-preview":"max-video-preview:-1"},"canonical":"https:\/\/www.mondialduchasselas.com\/de\/welttag-des-chasselas\/welttag-des-chasselas-2025\/","og_locale":"de_DE","og_type":"article","og_title":"Welttag des Chasselas 2025 - Mondial du Chasselas","og_description":"Am 12. Dezember 2025 findet der 3. Welttag des Chasselas statt, ein Ereignis, das jedes Jahr am gleichen Datum wiederholt werden. An diesem Tag werden zahlreiche Veranstaltungen in der ganzen Schweiz den Chasselas ins Rampenlicht r\u00fccken. Angeboten werden Afterworks, Aperitifs, Themenmen\u00fcs und Verkostungen in Hotels, Restaurants, Bars, Vinotheken, Weinkellern, Wintersportorten usw. und, warum nicht, in [&hellip;]","og_url":"https:\/\/www.mondialduchasselas.com\/de\/welttag-des-chasselas\/welttag-des-chasselas-2025\/","og_site_name":"Mondial du Chasselas","article_publisher":"http:\/\/www.facebook.com\/MondialDuChasselas\/","article_modified_time":"2026-03-16T13:26:44+00:00","twitter_card":"summary_large_image","twitter_misc":{"Gesch\u00e4tzte Lesezeit":"3\u00a0Minuten"},"schema":{"@context":"https:\/\/schema.org","@graph":[{"@type":"WebPage","@id":"https:\/\/www.mondialduchasselas.com\/de\/welttag-des-chasselas\/welttag-des-chasselas-2025\/","url":"https:\/\/www.mondialduchasselas.com\/de\/welttag-des-chasselas\/welttag-des-chasselas-2025\/","name":"Welttag des Chasselas 2025 - Mondial du Chasselas","isPartOf":{"@id":"https:\/\/www.mondialduchasselas.com\/#website"},"datePublished":"2025-06-13T07:48:18+00:00","dateModified":"2026-03-16T13:26:44+00:00","breadcrumb":{"@id":"https:\/\/www.mondialduchasselas.com\/de\/welttag-des-chasselas\/welttag-des-chasselas-2025\/#breadcrumb"},"inLanguage":"de","potentialAction":[{"@type":"ReadAction","target":["https:\/\/www.mondialduchasselas.com\/de\/welttag-des-chasselas\/welttag-des-chasselas-2025\/"]}]},{"@type":"BreadcrumbList","@id":"https:\/\/www.mondialduchasselas.com\/de\/welttag-des-chasselas\/welttag-des-chasselas-2025\/#breadcrumb","itemListElement":[{"@type":"ListItem","position":1,"name":"Accueil","item":"https:\/\/www.mondialduchasselas.com\/"},{"@type":"ListItem","position":2,"name":"Welttag des Chasselas","item":"https:\/\/www.mondialduchasselas.com\/de\/welttag-des-chasselas\/"},{"@type":"ListItem","position":3,"name":"Welttag des Chasselas 2025"}]},{"@type":"WebSite","@id":"https:\/\/www.mondialduchasselas.com\/#website","url":"https:\/\/www.mondialduchasselas.com\/","name":"Mondial du Chasselas","description":"Le Chasselas, un c\u00e9page plus actuel que jamais","potentialAction":[{"@type":"SearchAction","target":{"@type":"EntryPoint","urlTemplate":"https:\/\/www.mondialduchasselas.com\/?s={search_term_string}"},"query-input":"required name=search_term_string"}],"inLanguage":"de"}]}},"_links":{"self":[{"href":"https:\/\/www.mondialduchasselas.com\/de\/wp-json\/wp\/v2\/pages\/9650"}],"collection":[{"href":"https:\/\/www.mondialduchasselas.com\/de\/wp-json\/wp\/v2\/pages"}],"about":[{"href":"https:\/\/www.mondialduchasselas.com\/de\/wp-json\/wp\/v2\/types\/page"}],"author":[{"embeddable":true,"href":"https:\/\/www.mondialduchasselas.com\/de\/wp-json\/wp\/v2\/users\/1"}],"replies":[{"embeddable":true,"href":"https:\/\/www.mondialduchasselas.com\/de\/wp-json\/wp\/v2\/comments?post=9650"}],"version-history":[{"count":18,"href":"https:\/\/www.mondialduchasselas.com\/de\/wp-json\/wp\/v2\/pages\/9650\/revisions"}],"predecessor-version":[{"id":11205,"href":"https:\/\/www.mondialduchasselas.com\/de\/wp-json\/wp\/v2\/pages\/9650\/revisions\/11205"}],"up":[{"embeddable":true,"href":"https:\/\/www.mondialduchasselas.com\/de\/wp-json\/wp\/v2\/pages\/11203"}],"wp:attachment":[{"href":"https:\/\/www.mondialduchasselas.com\/de\/wp-json\/wp\/v2\/media?parent=9650"}],"curies":[{"name":"wp","href":"https:\/\/api.w.org\/{rel}","templated":true}]}}